{"version":"1.0","provider_name":"IEC 2024","provider_url":"https:\/\/www.iec2024.ec\/en\/","author_name":"Secretario T\u00e9cnico","author_url":"https:\/\/www.iec2024.ec\/en\/author\/4dm1ns3cr3t4r10\/","title":"El Evangeliario recorri\u00f3 la Di\u00f3cesis de Santo Domingo - IEC 2024","type":"rich","width":600,"height":338,"html":"<blockquote class=\"wp-embedded-content\" data-secret=\"WO1oMdsE0f\"><a href=\"https:\/\/www.iec2024.ec\/en\/evangeliario-diocesis-santo-domingo\/\">El Evangeliario recorri\u00f3 la Di\u00f3cesis de Santo Domingo<\/a><\/blockquote><iframe sandbox=\"allow-scripts\" security=\"restricted\" src=\"https:\/\/www.iec2024.ec\/en\/evangeliario-diocesis-santo-domingo\/embed\/#?secret=WO1oMdsE0f\" width=\"600\" height=\"338\" title=\"&#8220;El Evangeliario recorri\u00f3 la Di\u00f3cesis de Santo Domingo&#8221; &#8212; IEC 2024\" data-secret=\"WO1oMdsE0f\" frameborder=\"0\" marginwidth=\"0\" marginheight=\"0\" scrolling=\"no\" class=\"wp-embedded-content\"><\/iframe><script type=\"text\/javascript\">\n\/* <![CDATA[ *\/\n\/*! This file is auto-generated *\/\n!function(d,l){\"use strict\";l.querySelector&&d.addEventListener&&\"undefined\"!=typeof URL&&(d.wp=d.wp||{},d.wp.receiveEmbedMessage||(d.wp.receiveEmbedMessage=function(e){var t=e.data;if((t||t.secret||t.message||t.value)&&!\/[^a-zA-Z0-9]\/.test(t.secret)){for(var s,r,n,a=l.querySelectorAll('iframe[data-secret=\"'+t.secret+'\"]'),o=l.querySelectorAll('blockquote[data-secret=\"'+t.secret+'\"]'),c=new RegExp(\"^https?:$\",\"i\"),i=0;i<o.length;i++)o[i].style.display=\"none\";for(i=0;i<a.length;i++)s=a[i],e.source===s.contentWindow&&(s.removeAttribute(\"style\"),\"height\"===t.message?(1e3<(r=parseInt(t.value,10))?r=1e3:~~r<200&&(r=200),s.height=r):\"link\"===t.message&&(r=new URL(s.getAttribute(\"src\")),n=new URL(t.value),c.test(n.protocol))&&n.host===r.host&&l.activeElement===s&&(d.top.location.href=t.value))}},d.addEventListener(\"message\",d.wp.receiveEmbedMessage,!1),l.addEventListener(\"DOMContentLoaded\",function(){for(var e,t,s=l.querySelectorAll(\"iframe.wp-embedded-content\"),r=0;r<s.length;r++)(t=(e=s[r]).getAttribute(\"data-secret\"))||(t=Math.random().toString(36).substring(2,12),e.src+=\"#?secret=\"+t,e.setAttribute(\"data-secret\",t)),e.contentWindow.postMessage({message:\"ready\",secret:t},\"*\")},!1)))}(window,document);\n\/* ]]> *\/\n<\/script>\n","thumbnail_url":"https:\/\/www.iec2024.ec\/wp-content\/uploads\/2024\/06\/DSC04313-scaled.jpg","thumbnail_width":2560,"thumbnail_height":1707,"description":"Santo Domingo, 27 de junio de 2024 Redacci\u00f3n: Pastoral Digital, Di\u00f3cesis de Santo Domingo\u00a0 Del 7 de mayo al 27 de junio, la Di\u00f3cesis de Santo Domingo recibi\u00f3 el Evangeliario, s\u00edmbolo del 53\u00b0 Congreso Eucar\u00edstico Internacional. Esta significativa presencia, que coincidi\u00f3, por la gracia de Dios, con la celebraci\u00f3n del mes del Sagrado Coraz\u00f3n de [&hellip;]"}