{"version":"1.0","provider_name":"IEC 2024","provider_url":"https:\/\/www.iec2024.ec\/en\/","author_name":"Xavier Romero","author_url":"https:\/\/www.iec2024.ec\/en\/author\/xromero\/","title":"Oraci\u00f3n preparatoria para el Congreso Eucar\u00edstico Internacional IEC 2024 - IEC 2024","type":"rich","width":600,"height":338,"html":"<blockquote class=\"wp-embedded-content\" data-secret=\"anxqC5QjSA\"><a href=\"https:\/\/www.iec2024.ec\/en\/oracion-preparatoria-para-el-congreso-eucaristico-internacional-2024\/\">Oraci\u00f3n  preparatoria para el Congreso Eucar\u00edstico Internacional IEC 2024<\/a><\/blockquote><iframe sandbox=\"allow-scripts\" security=\"restricted\" src=\"https:\/\/www.iec2024.ec\/en\/oracion-preparatoria-para-el-congreso-eucaristico-internacional-2024\/embed\/#?secret=anxqC5QjSA\" width=\"600\" height=\"338\" title=\"&#8220;Oraci\u00f3n  preparatoria para el Congreso Eucar\u00edstico Internacional IEC 2024&#8221; &#8212; IEC 2024\" data-secret=\"anxqC5QjSA\" frameborder=\"0\" marginwidth=\"0\" marginheight=\"0\" scrolling=\"no\" class=\"wp-embedded-content\"><\/iframe><script type=\"text\/javascript\">\n\/* <![CDATA[ *\/\n\/*! This file is auto-generated *\/\n!function(d,l){\"use strict\";l.querySelector&&d.addEventListener&&\"undefined\"!=typeof URL&&(d.wp=d.wp||{},d.wp.receiveEmbedMessage||(d.wp.receiveEmbedMessage=function(e){var t=e.data;if((t||t.secret||t.message||t.value)&&!\/[^a-zA-Z0-9]\/.test(t.secret)){for(var s,r,n,a=l.querySelectorAll('iframe[data-secret=\"'+t.secret+'\"]'),o=l.querySelectorAll('blockquote[data-secret=\"'+t.secret+'\"]'),c=new RegExp(\"^https?:$\",\"i\"),i=0;i<o.length;i++)o[i].style.display=\"none\";for(i=0;i<a.length;i++)s=a[i],e.source===s.contentWindow&&(s.removeAttribute(\"style\"),\"height\"===t.message?(1e3<(r=parseInt(t.value,10))?r=1e3:~~r<200&&(r=200),s.height=r):\"link\"===t.message&&(r=new URL(s.getAttribute(\"src\")),n=new URL(t.value),c.test(n.protocol))&&n.host===r.host&&l.activeElement===s&&(d.top.location.href=t.value))}},d.addEventListener(\"message\",d.wp.receiveEmbedMessage,!1),l.addEventListener(\"DOMContentLoaded\",function(){for(var e,t,s=l.querySelectorAll(\"iframe.wp-embedded-content\"),r=0;r<s.length;r++)(t=(e=s[r]).getAttribute(\"data-secret\"))||(t=Math.random().toString(36).substring(2,12),e.src+=\"#?secret=\"+t,e.setAttribute(\"data-secret\",t)),e.contentWindow.postMessage({message:\"ready\",secret:t},\"*\")},!1)))}(window,document);\n\/* ]]> *\/\n<\/script>\n","thumbnail_url":"https:\/\/www.iec2024.ec\/wp-content\/uploads\/2023\/08\/WhatsApp-Image-2022-11-22-at-9.50.52-PM.jpeg","thumbnail_width":1024,"thumbnail_height":682,"description":"El camino hacia el Congreso Eucar\u00edstico Internacional 2024 avanza. La ma\u00f1ana de este martes, se present\u00f3 la oraci\u00f3n preparatoria del IEC 2024, tras dar lectura al decreto aprobado por Monse\u00f1or Alfredo Jos\u00e9 Espinoza Mateus, sdb., Arzobispo de Quito, en presencia del Clero Arquidiocesano. El objetivo de esta oraci\u00f3n es unir a las personas en la [&hellip;]"}