{"version":"1.0","provider_name":"IEC 2024","provider_url":"https:\/\/www.iec2024.ec\/it\/","author_name":"Secretario T\u00e9cnico","author_url":"https:\/\/www.iec2024.ec\/it\/author\/4dm1ns3cr3t4r10\/","title":"\"Fraternidad para sanar el mundo.\" La luz eucar\u00edstica del Congreso Quito 2024 - L\u00b4osservatore Romano - IEC 2024","type":"rich","width":600,"height":338,"html":"<blockquote class=\"wp-embedded-content\" data-secret=\"NgF3I87KZA\"><a href=\"https:\/\/www.iec2024.ec\/it\/la-luz-eucaristica-del-congreso-quito-2024\/\">&#8220;Fraternidad para sanar el mundo.&#8221; La luz eucar\u00edstica del Congreso Quito 2024 &#8211; L\u00b4osservatore Romano<\/a><\/blockquote><iframe sandbox=\"allow-scripts\" security=\"restricted\" src=\"https:\/\/www.iec2024.ec\/it\/la-luz-eucaristica-del-congreso-quito-2024\/embed\/#?secret=NgF3I87KZA\" width=\"600\" height=\"338\" title=\"&#8220;&#8220;Fraternidad para sanar el mundo.&#8221; La luz eucar\u00edstica del Congreso Quito 2024 &#8211; L\u00b4osservatore Romano&#8221; &#8212; IEC 2024\" data-secret=\"NgF3I87KZA\" frameborder=\"0\" marginwidth=\"0\" marginheight=\"0\" scrolling=\"no\" class=\"wp-embedded-content\"><\/iframe><script type=\"text\/javascript\">\n\/* <![CDATA[ *\/\n\/*! This file is auto-generated *\/\n!function(d,l){\"use strict\";l.querySelector&&d.addEventListener&&\"undefined\"!=typeof URL&&(d.wp=d.wp||{},d.wp.receiveEmbedMessage||(d.wp.receiveEmbedMessage=function(e){var t=e.data;if((t||t.secret||t.message||t.value)&&!\/[^a-zA-Z0-9]\/.test(t.secret)){for(var s,r,n,a=l.querySelectorAll('iframe[data-secret=\"'+t.secret+'\"]'),o=l.querySelectorAll('blockquote[data-secret=\"'+t.secret+'\"]'),c=new RegExp(\"^https?:$\",\"i\"),i=0;i<o.length;i++)o[i].style.display=\"none\";for(i=0;i<a.length;i++)s=a[i],e.source===s.contentWindow&&(s.removeAttribute(\"style\"),\"height\"===t.message?(1e3<(r=parseInt(t.value,10))?r=1e3:~~r<200&&(r=200),s.height=r):\"link\"===t.message&&(r=new URL(s.getAttribute(\"src\")),n=new URL(t.value),c.test(n.protocol))&&n.host===r.host&&l.activeElement===s&&(d.top.location.href=t.value))}},d.addEventListener(\"message\",d.wp.receiveEmbedMessage,!1),l.addEventListener(\"DOMContentLoaded\",function(){for(var e,t,s=l.querySelectorAll(\"iframe.wp-embedded-content\"),r=0;r<s.length;r++)(t=(e=s[r]).getAttribute(\"data-secret\"))||(t=Math.random().toString(36).substring(2,12),e.src+=\"#?secret=\"+t,e.setAttribute(\"data-secret\",t)),e.contentWindow.postMessage({message:\"ready\",secret:t},\"*\")},!1)))}(window,document);\n\/* ]]> *\/\n<\/script>\n","thumbnail_url":"https:\/\/www.iec2024.ec\/wp-content\/uploads\/2024\/08\/27205961c06ef6ac396b32e590360712_XL-e1724957478618.jpg","thumbnail_width":1200,"thumbnail_height":810,"description":"P.Corrado Maggioni\u00a0 Presidente del Comit\u00e9 Pontificio para los Congresos Eucar\u00edsticos Internacionales El misterio eucar\u00edstico no es una de las muchas realidades de la vida cristiana, sino su fundamento. Resplandece con mayor intensidad para todos los bautizados en la misa dominical, Pascua semanal, pero no termina con el \u00abPod\u00e9is ir en paz\u00bb. La celebraci\u00f3n eucar\u00edstica cumple [&hellip;]"}