{"id":10977,"date":"2024-01-18T17:42:35","date_gmt":"2024-01-18T22:42:35","guid":{"rendered":"https:\/\/www.iec2024.ec\/congreso-eucaristico\/"},"modified":"2024-08-08T15:07:58","modified_gmt":"2024-08-08T20:07:58","slug":"congreso-eucaristico","status":"publish","type":"page","link":"https:\/\/www.iec2024.ec\/it\/congreso-eucaristico\/","title":{"rendered":"Congresso Eucaristico"},"content":{"rendered":"<p>[vc_row][vc_column]\n\t\t\t<!-- START Congreso Eucar\u00edstico IT REVOLUTION SLIDER 6.5.31 --><p class=\"rs-p-wp-fix\"><\/p>\n\t\t\t<rs-module-wrap id=\"rev_slider_37_1_wrapper\" data-source=\"gallery\" style=\"visibility:hidden;background:transparent;padding:0;margin:0px auto;margin-top:0;margin-bottom:0;\">\n\t\t\t\t<rs-module id=\"rev_slider_37_1\" style=\"\" data-version=\"6.5.31\">\n\t\t\t\t\t<rs-slides>\n\t\t\t\t\t\t<rs-slide style=\"position: absolute;\" data-key=\"rs-110\" data-title=\"Banner Home\" data-link=\"\/\/registro.aplicacionesincontacto.com\/#\/formview\/6595bf0914272a0e81d36f43\" data-tag=\"l\" data-target=\"_self\" data-seoz=\"front\" data-anim=\"ms:800;\" data-in=\"o:0;\" data-out=\"a:false;\">\n\t\t\t\t\t\t\t<img decoding=\"async\" src=\"\/\/www.iec2024.ec\/wp-content\/plugins\/revslider\/public\/assets\/assets\/dummy.png\" alt=\"\" title=\"fondo-banner-congreso\" width=\"1920\" height=\"795\" class=\"rev-slidebg tp-rs-img rs-lazyload\" data-lazyload=\"\/\/www.iec2024.ec\/wp-content\/uploads\/2024\/01\/fondo-banner-congreso.jpg\" data-no-retina>\n<!--\n\t\t\t\t\t\t\t--><rs-layer\n\t\t\t\t\t\t\t\tid=\"slider-37-slide-110-layer-1\" \n\t\t\t\t\t\t\t\tclass=\"boton-inscribete\"\n\t\t\t\t\t\t\t\tdata-type=\"image\"\n\t\t\t\t\t\t\t\tdata-rsp_ch=\"on\"\n\t\t\t\t\t\t\t\tdata-xy=\"xo:39px,41px,42px,30px;yo:402px,375px,329px,284px;\"\n\t\t\t\t\t\t\t\tdata-text=\"w:normal;s:20,16,12,7;l:0,20,15,9;\"\n\t\t\t\t\t\t\t\tdata-dim=\"w:224px,206px,196px,180px;h:78px,72px,69px,63px;\"\n\t\t\t\t\t\t\t\tdata-frame_0=\"y:80px,66px,50px,30px;\"\n\t\t\t\t\t\t\t\tdata-frame_1=\"st:800;sp:600;sR:800;\"\n\t\t\t\t\t\t\t\tdata-frame_999=\"o:0;st:w;sR:7600;\"\n\t\t\t\t\t\t\t\tstyle=\"z-index:10;\"\n\t\t\t\t\t\t\t><img decoding=\"async\" src=\"\/\/www.iec2024.ec\/wp-content\/plugins\/revslider\/public\/assets\/assets\/dummy.png\" alt=\"\" class=\"tp-rs-img rs-lazyload\" width=\"520\" height=\"182\" data-lazyload=\"\/\/www.iec2024.ec\/wp-content\/uploads\/2024\/02\/banner-bt-inscribete-IT.png\" data-no-retina> \n\t\t\t\t\t\t\t<\/rs-layer><!--\n\n\t\t\t\t\t\t\t--><a\n\t\t\t\t\t\t\t\tid=\"slider-37-slide-110-layer-2\" \n\t\t\t\t\t\t\t\tclass=\"rs-layer\"\n\t\t\t\t\t\t\t\thref=\"\/vida-cristiana\/\" target=\"_self\"\n\t\t\t\t\t\t\t\tdata-type=\"image\"\n\t\t\t\t\t\t\t\tdata-rsp_ch=\"on\"\n\t\t\t\t\t\t\t\tdata-xy=\"xo:284px,266px,256px,227px;yo:402px,375px,329px,284px;\"\n\t\t\t\t\t\t\t\tdata-text=\"w:normal;s:20,16,12,7;l:0,20,15,9;\"\n\t\t\t\t\t\t\t\tdata-dim=\"w:224px,206px,196px,180px;h:78px,72px,69px,63px;\"\n\t\t\t\t\t\t\t\tdata-vbility=\"f,f,f,f\"\n\t\t\t\t\t\t\t\tdata-frame_0=\"y:80px,66px,50px,30px;\"\n\t\t\t\t\t\t\t\tdata-frame_1=\"st:1100;sp:600;sR:1100;\"\n\t\t\t\t\t\t\t\tdata-frame_999=\"o:0;st:w;sR:7300;\"\n\t\t\t\t\t\t\t\tstyle=\"z-index:9;\"\n\t\t\t\t\t\t\t><img decoding=\"async\" src=\"\/\/www.iec2024.ec\/wp-content\/plugins\/revslider\/public\/assets\/assets\/dummy.png\" alt=\"\" class=\"tp-rs-img rs-lazyload\" width=\"520\" height=\"182\" data-lazyload=\"\/\/www.iec2024.ec\/wp-content\/uploads\/2023\/08\/banner-bt-preparacion.png\" data-no-retina> \n\t\t\t\t\t\t\t<\/a><!--\n\n\t\t\t\t\t\t\t--><rs-layer\n\t\t\t\t\t\t\t\tid=\"slider-37-slide-110-layer-4\" \n\t\t\t\t\t\t\t\tdata-type=\"text\"\n\t\t\t\t\t\t\t\tdata-rsp_ch=\"on\"\n\t\t\t\t\t\t\t\tdata-xy=\"xo:51px,42px,31px,19px;yo:154px,116px,88px,64px;\"\n\t\t\t\t\t\t\t\tdata-text=\"w:normal;s:22,22,18,16;l:24,19,14,18;fw:500;\"\n\t\t\t\t\t\t\t\tdata-dim=\"w:613px,517px,484px,438px;h:32px,38px,28px,36px;\"\n\t\t\t\t\t\t\t\tdata-frame_999=\"o:0;st:w;\"\n\t\t\t\t\t\t\t\tstyle=\"z-index:13;font-family:'Readex Pro';\"\n\t\t\t\t\t\t\t>Vi invitiamo a essere parte attiva del Congresso \n\t\t\t\t\t\t\t<\/rs-layer><!--\n\n\t\t\t\t\t\t\t--><rs-layer\n\t\t\t\t\t\t\t\tid=\"slider-37-slide-110-layer-7\" \n\t\t\t\t\t\t\t\tdata-type=\"text\"\n\t\t\t\t\t\t\t\tdata-rsp_ch=\"on\"\n\t\t\t\t\t\t\t\tdata-xy=\"xo:51px,42px,31px,19px;yo:218px,175px,162px,123px;\"\n\t\t\t\t\t\t\t\tdata-text=\"w:normal;s:42,40,36,28;l:44,42,38,30;fw:700;\"\n\t\t\t\t\t\t\t\tdata-dim=\"w:764px,733px,666px,434px;h:204,168,127,78;\"\n\t\t\t\t\t\t\t\tdata-frame_999=\"o:0;st:w;\"\n\t\t\t\t\t\t\t\tstyle=\"z-index:11;font-family:'Readex Pro';\"\n\t\t\t\t\t\t\t>Registrati ora al Congresso<br \/>\nEucaristica Internazionale CEI 2024 \n\t\t\t\t\t\t\t<\/rs-layer><!--\n\n\t\t\t\t\t\t\t--><rs-layer\n\t\t\t\t\t\t\t\tid=\"slider-37-slide-110-layer-10\" \n\t\t\t\t\t\t\t\tdata-type=\"text\"\n\t\t\t\t\t\t\t\tdata-rsp_ch=\"on\"\n\t\t\t\t\t\t\t\tdata-xy=\"xo:55px,45px,34px,20px;yo:331px,273px,267px,224px;\"\n\t\t\t\t\t\t\t\tdata-text=\"w:normal;s:28,26,24,22;l:30,28,21,24;fw:500;\"\n\t\t\t\t\t\t\t\tdata-dim=\"w:541px,446px,524px,364px;h:32px,26px,42px,48px;\"\n\t\t\t\t\t\t\t\tdata-frame_999=\"o:0;st:w;\"\n\t\t\t\t\t\t\t\tstyle=\"z-index:12;font-family:'Readex Pro';\"\n\t\t\t\t\t\t\t>La fraternit\u00e0 per guarire il mondo \n\t\t\t\t\t\t\t<\/rs-layer><!--\n-->\t\t\t\t\t\t<\/rs-slide>\n\t\t\t\t\t<\/rs-slides>\n\t\t\t\t<\/rs-module>\n\t\t\t\t<script>\n\t\t\t\t\tsetREVStartSize({c: 'rev_slider_37_1',rl:[1240,1024,778,480],el:[600,560,480,400],gw:[1240,1024,778,480],gh:[600,560,480,400],type:'standard',justify:'',layout:'fullwidth',mh:\"0\"});if (window.RS_MODULES!==undefined && window.RS_MODULES.modules!==undefined && window.RS_MODULES.modules[\"revslider371\"]!==undefined) {window.RS_MODULES.modules[\"revslider371\"].once = false;window.revapi37 = undefined;if (window.RS_MODULES.checkMinimal!==undefined) window.RS_MODULES.checkMinimal()}\n\t\t\t\t<\/script>\n\t\t\t<\/rs-module-wrap>\n\t\t\t<!-- END REVOLUTION SLIDER -->\n[vc_row_inner][vc_column_inner][vc_column_text]<\/p>\n<h2><strong>Topic to be discussed during the Congress days<\/strong><\/h2>\n<div class=\"container\">\n<div>\n<p><a class=\"cajas3-col-blanco\" href=\"https:\/\/www.iec2024.ec\/congreso-eucaristico\/#info-congreso\"><br \/>\n<img decoding=\"async\" class=\"alignnone size-full wp-image-9972\" src=\"https:\/\/www.iec2024.ec\/wp-content\/uploads\/2024\/02\/iec2024-icon-mundo_herido.png\" alt=\"\" width=\"60\" height=\"auto\" \/><br \/>\nWounded World<br \/>\n<\/a><\/p>\n<p style=\"font-size: 16px; text-align: center; color: #555;\">September 9<\/p>\n<\/div>\n<div>\n<p><a class=\"cajas3-col-blanco\" href=\"https:\/\/www.iec2024.ec\/congreso-eucaristico\/#info-congreso\"><br \/>\n<img decoding=\"async\" class=\"alignnone size-full wp-image-9972\" src=\"https:\/\/www.iec2024.ec\/wp-content\/uploads\/2024\/02\/iec2024-icon-fraternidad.png\" alt=\"\" width=\"60\" height=\"auto\" \/><br \/>\nFraternity Redeemed in Christ<br \/>\n<\/a><\/p>\n<p style=\"font-size: 16px; text-align: center; color: #555;\">September 10<\/p>\n<\/div>\n<div>\n<p><a class=\"cajas3-col-blanco\" href=\"https:\/\/www.iec2024.ec\/congreso-eucaristico\/#info-congreso\"><br \/>\n<img loading=\"lazy\" decoding=\"async\" class=\"alignnone wp-image-9972\" src=\"https:\/\/www.iec2024.ec\/wp-content\/uploads\/2024\/02\/eucaristia-salva-el-mundoMesa-de-trabajo-1-100.jpg\" alt=\"\" width=\"72\" height=\"62\" \/><br \/>\nEucharist and Transfiguration of the World<br \/>\n<\/a><\/p>\n<p style=\"font-size: 16px; text-align: center; color: #555;\">September 11<\/p>\n<\/div>\n<div>\n<p><a class=\"cajas3-col-blanco\" href=\"https:\/\/www.iec2024.ec\/congreso-eucaristico\/#info-congreso\"><br \/>\n<img loading=\"lazy\" decoding=\"async\" class=\"alignnone wp-image-9972\" src=\"https:\/\/www.iec2024.ec\/wp-content\/uploads\/2024\/02\/sinoMesa-de-trabajo-1-100.jpg\" alt=\"\" width=\"121\" height=\"72\" \/><br \/>\nFor a Synodal Church<br \/>\n<\/a><\/p>\n<p style=\"font-size: 16px; text-align: center; color: #555;\">September 12<\/p>\n<\/div>\n<div>\n<p><a class=\"cajas3-col-blanco\" href=\"https:\/\/www.iec2024.ec\/congreso-eucaristico\/#info-congreso\"><br \/>\n<img decoding=\"async\" class=\"alignnone size-full wp-image-9972\" src=\"https:\/\/www.iec2024.ec\/wp-content\/uploads\/2024\/02\/eucaristia_salmo-de-fraternidad-1.png\" alt=\"\" width=\"60\" height=\"auto\" \/><br \/>\nEucharist: Psalm of Fraternity<br \/>\n<\/a><\/p>\n<p style=\"font-size: 16px; text-align: center; color: #555;\">September 13<\/p>\n<\/div>\n<\/div>\n<p>[\/vc_column_text][\/vc_column_inner][\/vc_row_inner][\/vc_column][\/vc_row][vc_row el_class=&#8221;width-1200&#8243; css=&#8221;.vc_custom_1690517279419{margin-top: 30px !important;margin-bottom: 30px !important;}&#8221;][vc_column width=&#8221;1\/2&#8243;][vc_row_inner css=&#8221;.vc_custom_1705672205107{margin-bottom: 0px !important;padding-right: 10px !important;padding-left: 10px !important;background-color: #f2f2f2 !important;border-radius: 15px !important;}&#8221;][vc_column_inner][vc_column_text]<\/p>\n<p style=\"margin: 0 auto;\"><span style=\"display: inline-block; vertical-align: middle; margin-right: 4px; width: 42px;\"><img loading=\"lazy\" decoding=\"async\" class=\"alignnone size-full wp-image-9620\" src=\"https:\/\/www.iec2024.ec\/wp-content\/uploads\/2024\/01\/ico2.png\" alt=\"\" width=\"38\" height=\"38\" \/><\/span><span style=\"display: inline-block; vertical-align: middle; width: calc(100% - 46px); text-align: left !important;\"><strong>Dal 18 al 25 gennaio: Settimana di preghiera per l&#8217;unit\u00e0 dei cristiani:<\/strong><br \/>\nVivir\u00e1s una experiencia de paz para sanar al mundo<\/span><\/p>\n<p>[\/vc_column_text][vc_column_text]<span style=\"display: inline-block; vertical-align: middle; margin-right: 4px; width: 42px;\"><img loading=\"lazy\" decoding=\"async\" class=\"alignnone size-full wp-image-9620\" src=\"https:\/\/www.iec2024.ec\/wp-content\/uploads\/2024\/01\/ico3.png\" alt=\"\" width=\"38\" height=\"38\" \/><\/span><span style=\"display: inline-block; vertical-align: middle; width: calc(100% - 46px); text-align: left !important;\"><strong>Para qui\u00e9n est\u00e1 dirigido:<\/strong><br \/>\nlaicos, cl\u00e9rigos y religiosos<\/span>[\/vc_column_text][vc_column_text]El Congreso Eucar\u00edstico Internacional est\u00e1 dirigido a Laicos, religiosos\/as, consagrados\/as, sacerdotes, y obispos en general. Todos est\u00e1n invitados a participar.[\/vc_column_text][\/vc_column_inner][\/vc_row_inner][\/vc_column][vc_column width=&#8221;1\/2&#8243;][vc_row_inner css=&#8221;.vc_custom_1705379994202{margin-bottom: 0px !important;padding-right: 10px !important;padding-left: 10px !important;background-color: #f2f2f2 !important;border-radius: 15px !important;}&#8221;][vc_column_inner][vc_column_text]<\/p>\n<p style=\"margin: 0 auto;\"><span style=\"display: inline-block; vertical-align: middle; margin-right: 4px; width: 42px;\"><img loading=\"lazy\" decoding=\"async\" class=\"alignnone size-full wp-image-9620\" src=\"https:\/\/www.iec2024.ec\/wp-content\/uploads\/2024\/01\/ico1.png\" alt=\"\" width=\"38\" height=\"38\" \/><\/span><span style=\"display: inline-block; vertical-align: middle; width: calc(100% - 46px); text-align: left !important;\"><strong>D\u00f3nde:<\/strong><br \/>\nCentro de Convenciones Metropolitano de Quito<\/span><\/p>\n<p>[\/vc_column_text][vc_column_text]El Congreso Eucar\u00edstico Internacional se llevar\u00e1 a cabo en el Centro de Convenciones Metropolitano de Quito &#8220;CCMQ&#8221;. El Centro de Convenciones es el m\u00e1s moderno y funcional del Ecuador, re\u00fane todas las caracter\u00edsticas y condiciones para el desarrollo de grandes eventos, congresos, ferias, exposiciones y convenciones.<\/p>\n<p>Su ubicaci\u00f3n al estar en Quito es privilegiada. Quito ciudad patrimonio de la humanidad declarada por la Unesco en el a\u00f1o 1973, hace que sea un destino tur\u00edstico a elecci\u00f3n.[\/vc_column_text][\/vc_column_inner][\/vc_row_inner][\/vc_column][\/vc_row][vc_row el_class=&#8221;width-1200&#8243; css=&#8221;.vc_custom_1690517279419{margin-top: 30px !important;margin-bottom: 30px !important;}&#8221;][vc_column width=&#8221;1\/2&#8243;][vc_column_text]<\/p>\n<h4><strong>Inscr\u00edbete ahora y conoce c\u00f3mo la fraternidad puede sanar al mundo<\/strong><\/h4>\n<p>A continuaci\u00f3n te puedes inscribir al 53\u00b0 Congreso Eucar\u00edstico Internacional<\/p>\n<p>El valor de la inscripci\u00f3n no incluye alimentaci\u00f3n y alojamiento<br \/>\nEl Congreso Eucar\u00edstico Internacional contar\u00e1 con un patio\u00a0de\u00a0comidas.<\/p>\n<p>Al registrarse con antelaci\u00f3n, recibes descuentos.[\/vc_column_text][vc_column_text]<\/p>\n<p style=\"text-align: center;\"><a class=\"bt-caja-rojo boton-inscribete width-all\" href=\"https:\/\/registro.aplicacionesincontacto.com\/#\/formview\/6595bf0914272a0e81d36f43\" target=\"_blank\" rel=\"noopener\">No pierdas la oportunidad. Inscr\u00edbete ahora<\/a><\/p>\n<p>[\/vc_column_text][\/vc_column][vc_column width=&#8221;1\/2&#8243;][vc_row_inner][vc_column_inner width=&#8221;1\/3&#8243;][vc_column_text el_class=&#8221;cajas3-col-blancoo&#8221; css=&#8221;.vc_custom_1723147636887{margin-bottom: 15px !important;background-color: #f8f7fe !important;}&#8221;]<\/p>\n<p style=\"text-align: center; margin: 12px auto 0px;\"><img decoding=\"async\" class=\"wp-image-10496 aligncenter\" src=\"https:\/\/www.iec2024.ec\/wp-content\/uploads\/2024\/01\/ico4-home.png\" alt=\"\" width=\"36\" height=\"auto\" \/><strong>Pago temprano<\/strong><\/p>\n<p style=\"text-align: center;\">Hasta el<br \/>\n22 de marzo, 2024<\/p>\n<p>[\/vc_column_text][\/vc_column_inner][vc_column_inner width=&#8221;1\/3&#8243;][vc_column_text el_class=&#8221;cajas3-col-blancoo&#8221; css=&#8221;.vc_custom_1723147642670{margin-bottom: 15px !important;background-color: #f9f4e3 !important;}&#8221;]<\/p>\n<p style=\"text-align: center; margin: 12px auto 0px;\"><img decoding=\"async\" class=\"wp-image-10496 aligncenter\" src=\"https:\/\/www.iec2024.ec\/wp-content\/uploads\/2024\/01\/ico4-home.png\" alt=\"\" width=\"36\" height=\"auto\" \/><strong>Pago regular<\/strong><\/p>\n<p style=\"text-align: center;\">Hasta el<br \/>\n30 de junio, 2024<\/p>\n<p>[\/vc_column_text][\/vc_column_inner][vc_column_inner width=&#8221;1\/3&#8243;][vc_column_text el_class=&#8221;cajas3-col-blancoo&#8221; css=&#8221;.vc_custom_1723147648191{margin-bottom: 15px !important;background-color: #ffeceb !important;}&#8221;]<\/p>\n<p style=\"text-align: center; margin: 12px auto 0px;\"><img decoding=\"async\" class=\"wp-image-10496 aligncenter\" src=\"https:\/\/www.iec2024.ec\/wp-content\/uploads\/2024\/01\/ico4-home.png\" alt=\"\" width=\"36\" height=\"auto\" \/><strong>Pago tardio<\/strong><\/p>\n<p style=\"text-align: center;\">Hasta el<br \/>\n15 de agosto, 2024<\/p>\n<p>[\/vc_column_text][\/vc_column_inner][\/vc_row_inner][vc_column_text]<\/p>\n<h4 style=\"text-align: center;\">Participantes Nacionales<\/h4>\n<p>[\/vc_column_text][vc_row_inner][vc_column_inner width=&#8221;1\/3&#8243;][vc_column_text css=&#8221;.vc_custom_1706667058276{background-color: #f8f7fe !important;}&#8221; el_class=&#8221;cajas4-col-blanco&#8221;]<\/p>\n<h4 style=\"text-align: center;\">110 USD<\/h4>\n<p>[\/vc_column_text][\/vc_column_inner][vc_column_inner width=&#8221;1\/3&#8243;][vc_column_text el_class=&#8221;cajas4-col-blanco&#8221; css=&#8221;.vc_custom_1706667105830{background-color: #f9f4e3 !important;}&#8221;]<\/p>\n<h4 style=\"text-align: center;\">130 USD<\/h4>\n<p>[\/vc_column_text][\/vc_column_inner][vc_column_inner width=&#8221;1\/3&#8243;][vc_column_text el_class=&#8221;cajas4-col-blanco&#8221; css=&#8221;.vc_custom_1706667137837{background-color: #ffeceb !important;}&#8221;]<\/p>\n<h4 style=\"text-align: center;\">150 USD<\/h4>\n<p>[\/vc_column_text][\/vc_column_inner][\/vc_row_inner][vc_column_text]<\/p>\n<h4 style=\"text-align: center;\">Participante Extranjeros<\/h4>\n<p>[\/vc_column_text][vc_row_inner][vc_column_inner width=&#8221;1\/3&#8243;][vc_column_text css=&#8221;.vc_custom_1706667076742{background-color: #f8f7fe !important;}&#8221; el_class=&#8221;cajas4-col-blanco&#8221;]<\/p>\n<h4 style=\"text-align: center;\">160 USD<\/h4>\n<p>[\/vc_column_text][\/vc_column_inner][vc_column_inner width=&#8221;1\/3&#8243;][vc_column_text el_class=&#8221;cajas4-col-blanco&#8221; css=&#8221;.vc_custom_1706667112537{background-color: #f9f4e3 !important;}&#8221;]<\/p>\n<h4 style=\"text-align: center;\">190 USD<\/h4>\n<p>[\/vc_column_text][\/vc_column_inner][vc_column_inner width=&#8221;1\/3&#8243;][vc_column_text el_class=&#8221;cajas4-col-blanco&#8221; css=&#8221;.vc_custom_1706667144357{background-color: #ffeceb !important;}&#8221;]<\/p>\n<h4 style=\"text-align: center;\">225 USD<\/h4>\n<p>[\/vc_column_text][\/vc_column_inner][\/vc_row_inner][\/vc_column][\/vc_row][vc_row el_class=&#8221;width-1200&#8243; css=&#8221;.vc_custom_1690517279419{margin-top: 30px !important;margin-bottom: 30px !important;}&#8221;][vc_column width=&#8221;1\/2&#8243;][vc_row_inner][vc_column_inner width=&#8221;1\/2&#8243;][vc_single_image image=&#8221;9949&#8243; img_size=&#8221;full&#8221; alignment=&#8221;center&#8221; el_class=&#8221;width-280-img&#8221; css=&#8221;.vc_custom_1706236749529{padding-top: 12px !important;padding-right: 12px !important;padding-bottom: 12px !important;padding-left: 12px !important;}&#8221;][\/vc_column_inner][vc_column_inner width=&#8221;1\/2&#8243;][vc_single_image image=&#8221;9946&#8243; img_size=&#8221;full&#8221; alignment=&#8221;center&#8221; el_class=&#8221;width-280-img&#8221; css=&#8221;.vc_custom_1706236773798{padding-top: 12px !important;padding-right: 12px !important;padding-bottom: 12px !important;padding-left: 12px !important;}&#8221;][\/vc_column_inner][\/vc_row_inner][vc_row_inner][vc_column_inner width=&#8221;1\/2&#8243;][vc_single_image image=&#8221;9952&#8243; img_size=&#8221;full&#8221; alignment=&#8221;center&#8221; el_class=&#8221;width-280-img&#8221; css=&#8221;.vc_custom_1706236804179{padding-top: 12px !important;padding-right: 12px !important;padding-bottom: 12px !important;padding-left: 12px !important;}&#8221;][\/vc_column_inner][vc_column_inner width=&#8221;1\/2&#8243;][vc_single_image image=&#8221;9955&#8243; img_size=&#8221;full&#8221; alignment=&#8221;center&#8221; el_class=&#8221;width-280-img&#8221; css=&#8221;.vc_custom_1706236831430{padding-top: 12px !important;padding-right: 12px !important;padding-bottom: 12px !important;padding-left: 12px !important;}&#8221;][\/vc_column_inner][\/vc_row_inner][\/vc_column][vc_column width=&#8221;1\/2&#8243;][vc_column_text]<\/p>\n<h4><strong>Organizadores<\/strong><\/h4>\n<p>Desde el 20 de marzo de 2021 el Papa Francisco design\u00f3 a Quito como Sede del Congreso Eucar\u00edstico Internacional 2024, con motivo de la celebraci\u00f3n de los 150 a\u00f1os de la Consagraci\u00f3n del Ecuador al Sagrado Coraz\u00f3n de Jes\u00fas\u00a0 (25 de marzo de 1874).<\/p>\n<p>En vista de este evento de importancia mundial, la Arquidi\u00f3cesis de Quito a trav\u00e9s\u00a0de la Comisi\u00f3n Teol\u00f3gica del Comit\u00e9 Local Ecuatoriano, en colaboraci\u00f3n con el Comit\u00e9 Pontificio para los Congresos Eucar\u00edsticos Internacionales, invita a\u00a0todas las personas que quieran asistir a inscribirse.[\/vc_column_text][\/vc_column][\/vc_row][vc_row el_class=&#8221;width-1200&#8243; css=&#8221;.vc_custom_1705378394525{margin-top: 30px !important;margin-bottom: 0px !important;}&#8221;][vc_column][vc_column_text]<\/p>\n<h2><strong>Programaci\u00f3n del Congreso<\/strong><\/h2>\n<p>Elige el d\u00eda que deseas consultar o mira toda la agenda[\/vc_column_text][vc_row_inner][vc_column_inner]<div class=\"lightbox-ponentes\" style=\"display: none;\" id=\"ponente-details-15551\"><div class=\"lightbox-img-ponentes\" style=\"background:url(https:\/\/www.iec2024.ec\/wp-content\/uploads\/2024\/02\/Mons.-Cozzens-e1715201893159.jpg) no-repeat center center; background-size:cover;\"><\/div><div class=\"lightbox-info-ponentes\"><h6 style=\"margin:20px auto 5px;\">Estados Unidos<\/h6><h4 style=\"margin:5px auto 20px;\">Monse\u00f1or Andrew H. Cozzens<\/h4><\/div><p>Monse\u00f1or Andrew Harmon Cozzens es un prelado estadounidense de la Iglesia Cat\u00f3lica. Naci\u00f3 en agosto de 1968, es Obispo de Crookston en Minesota desde 2021, su lema episcopal es Praebe nobis cor tuum (Danos tu coraz\u00f3n).  Anteriormente, se desempe\u00f1\u00f3 como obispo auxiliar en la Arquidi\u00f3cesis de Saint Paul y Minneapolis desde 2013 hasta 2021. Monse\u00f1or Cozzens es el presidente de la junta del Congreso Eucar\u00edstico Nacional en Estados Unidos.<\/p><p><a class=\"bt-borde-naranja\" href=\"https:\/\/www.crookston.org\/bishop\/2640-most-rev-andrew-cozzens\" target=\"_blank\">M\u00e1s informaci\u00f3n<\/a><\/p><h4>Tema de la ponencia<\/h4><div class=\"tema-ponentes\"><h5 style=\"margin:10px auto 5px;\">Eucarist\u00eda y transfiguraci\u00f3n del mundo<\/h5><h6 style=\"margin:5px auto 10px;\">Mi\u00e9rcoles 11 de septiembre<\/h6><\/div><\/div><div class=\"lightbox-ponentes\" style=\"display: none;\" id=\"ponente-details-15549\"><div class=\"lightbox-img-ponentes\" style=\"background:url(https:\/\/www.iec2024.ec\/wp-content\/uploads\/2024\/02\/61a1108274663.r_d.1445-962-e1715201547827.jpeg) no-repeat center center; background-size:cover;\"><\/div><div class=\"lightbox-info-ponentes\"><h6 style=\"margin:20px auto 5px;\">Espa\u00f1a<\/h6><h4 style=\"margin:5px auto 20px;\">Juan Manuel Cotelo<\/h4><\/div><p>Juan Manuel Cotelo O\u00f1ate es un periodista, director de cine, guionista, productor y actor espa\u00f1ol. Naci\u00f3 en julio de 1966, es el fundador y director de Infinito + 1, una productora y distribuidora internacional de pel\u00edculas. A trav\u00e9s de esta plataforma ha creado y promovido contenido cinematogr\u00e1fico con un enfoque en valores cristianos y humanos.<\/p><p><a class=\"bt-borde-naranja\" href=\"https:\/\/www.infinitomasuno.org\/\" target=\"_blank\">M\u00e1s informaci\u00f3n<\/a><\/p><h4>Tema de la ponencia<\/h4><div class=\"tema-ponentes\"><h5 style=\"margin:10px auto 5px;\">Mundo Herido<\/h5><h6 style=\"margin:5px auto 10px;\">Lunes 09 de septiembre<\/h6><\/div><\/div><div class=\"lightbox-ponentes\" style=\"display: none;\" id=\"ponente-details-15547\"><div class=\"lightbox-img-ponentes\" style=\"background:url(https:\/\/www.iec2024.ec\/wp-content\/uploads\/2024\/05\/MONSENOR-FRANCISCO-OZORIA-scaled-e1715203592865.jpg) no-repeat center center; background-size:cover;\"><\/div><div class=\"lightbox-info-ponentes\"><h6 style=\"margin:20px auto 5px;\">Rep\u00fablica Dominicana<\/h6><h4 style=\"margin:5px auto 20px;\">Monse\u00f1or Francisco Ozoria<\/h4><\/div><p>Monse\u00f1or Francisco Ozoria es Arzobispo de Santo Domingo y Primado de Am\u00e9rica. Naci\u00f3 en octubre 1951 en Nagua, Rep\u00fablica Dominicana. Su testimonio busca evidenciar la labor de la Iglesia Cat\u00f3lica y su voz en defensa de los derechos y la dignidad de los ind\u00edgenas ta\u00ednos que estaban siendo maltratados y explotados, a trav\u00e9s del portavoz de los frailes dominicos Fray Antonio de Montesinos.\r\n\r\nDocumento Base nn. 38\r\n\u201cEn el Adviento de 1551, durante una misa, el dominico Antonio de Montesinos conden\u00f3 la opresi\u00f3n hacia los ind\u00edgenas, cuestionando la legitimidad de su sufrimiento y llamando a la reflexi\u00f3n sobre la humanidad de los nativos\u201d.\r\n<\/p><p><a class=\"bt-borde-naranja\" href=\"https:\/\/ced.org.do\/obispos\/mons-francisco-ozoria-acosta\/ \" target=\"_blank\">M\u00e1s informaci\u00f3n<\/a><\/p><h4>Tema del testimonio<\/h4><div class=\"tema-ponentes\"><h5 style=\"margin:10px auto 5px;\">Fray Antonio Montesinos<\/h5><h6 style=\"margin:5px auto 10px;\">Martes 10 de septiembre<\/h6><p style=\"margin:10px auto;\"><strong>Documento Base nn. 38<\/strong>\r\n\r\n\u201cEn el Adviento de 1551, durante una misa, el dominico Antonio de Montesinos conden\u00f3 la opresi\u00f3n hacia los ind\u00edgenas, cuestionando la legitimidad de su sufrimiento y llamando a la reflexi\u00f3n sobre la humanidad de los nativos\u201d.<\/p><\/div><\/div><div class=\"lightbox-ponentes\" style=\"display: none;\" id=\"ponente-details-15545\"><div class=\"lightbox-img-ponentes\" style=\"background:url(https:\/\/www.iec2024.ec\/wp-content\/uploads\/2024\/05\/Cardenal_Gregorio_Rosa_Chavez-e1715208224704.jpg) no-repeat center center; background-size:cover;\"><\/div><div class=\"lightbox-info-ponentes\"><h6 style=\"margin:20px auto 5px;\">El Salvador<\/h6><h4 style=\"margin:5px auto 20px;\">Cardenal Gregorio Rosa Ch\u00e1vez<\/h4><\/div><p>Gregorio Rosa Ch\u00e1vez, el primer cardenal de El Salvador. Naci\u00f3 en septiembre de 1942 en Sociedad departamento de Moraz\u00e1n. Ocup\u00f3 el cargo de obispo auxiliar de San Salvador. Colabor\u00f3 estrechamente con el arzobispo m\u00e1rtir San \u00d3scar Arnulfo Romero qui\u00e9n desempe\u00f1\u00f3 un papel crucial en la defensa de los derechos humanos en su pa\u00eds durante una \u00e9poca de dictadura militar (1931-1979). A pesar de las amenazas y la violencia, no dud\u00f3 en levantar la voz contra las violaciones a los derechos humanos perpetradas por el gobierno y los militares. El Cardenal Gregorio Rosa es uno de los principales impulsores de la causa de canonizaci\u00f3n de San \u00d3scar Arnulfo Romero y amigo cercano del mismo y brindar\u00e1 en su testimonio un relato conmovedor de un ejemplo de santidad.<\/p><p><a class=\"bt-borde-naranja\" href=\"https:\/\/arzobispadosansalvador.org\/sobre-nosotros\/biografias\/obispo-auxiliar\/ \" target=\"_blank\">M\u00e1s informaci\u00f3n<\/a><\/p><h4>Tema del testimonio<\/h4><div class=\"tema-ponentes\"><h5 style=\"margin:10px auto 5px;\">San Oscar Arnulfo Romero<\/h5><h6 style=\"margin:5px auto 10px;\">Martes 10 de septiembre  <\/h6><p style=\"margin:10px auto;\"><strong>Documento Base nn. 20<\/strong>\r\n\r\n\u201cSan \u00d3scar Arnulfo Romero, arzobispo de San Salvador, se convirti\u00f3 en la voz de los oprimidos durante la guerra civil en El Salvador. A trav\u00e9s de su defensa de los derechos humanos y su rechazo a la violencia, enfrent\u00f3 la injusticia y la represi\u00f3n del gobierno. Su martirio, ocurrido durante una homil\u00eda, lo convirti\u00f3 en un s\u00edmbolo de la lucha por la justicia y la paz\u201d.<\/p><\/div><\/div><div class=\"lightbox-ponentes\" style=\"display: none;\" id=\"ponente-details-15541\"><div class=\"lightbox-img-ponentes\" style=\"background:url(https:\/\/www.iec2024.ec\/wp-content\/uploads\/2024\/02\/ponente-pablo-blanco.jpg) no-repeat center center; background-size:cover;\"><\/div><div class=\"lightbox-info-ponentes\"><h6 style=\"margin:20px auto 5px;\">Espa\u00f1a<\/h6><h4 style=\"margin:5px auto 20px;\">P. Pablo Blanco<\/h4><\/div><p><strong>Universidad:<\/strong> Universidad de Navarra<\/p><p>El Padre Pablo Blanco Sarto es un erudito multidisciplinario que ha destacado en los campos de la filolog\u00eda hisp\u00e1nica, la teolog\u00eda y la filosof\u00eda. Su dedicaci\u00f3n y excelencia acad\u00e9mica le valieron el reconocimiento del Premio Ratzinger en teolog\u00eda en 2023, consolidando su reputaci\u00f3n como uno de los principales pensadores en su campo. Es un autor prol\u00edfico con numerosas publicaciones y art\u00edculos a su nombre. <\/p><p><a class=\"bt-borde-naranja\" href=\"https:\/\/unav.academia.edu\/PabloBlanco\/CurriculumVitae\" target=\"_blank\">M\u00e1s informaci\u00f3n<\/a><\/p><h4>Tema de la ponencia<\/h4><div class=\"tema-ponentes\"><h5 style=\"margin:10px auto 5px;\">Eucarist\u00eda: fuente y cumbre de la fraternidad<\/h5><h6 style=\"margin:5px auto 10px;\">Jueves 5 de septiembre<\/h6><\/div><\/div><div class=\"lightbox-ponentes\" style=\"display: none;\" id=\"ponente-details-15539\"><div class=\"lightbox-img-ponentes\" style=\"background:url(https:\/\/www.iec2024.ec\/wp-content\/uploads\/2024\/02\/ponente-anthony-fisher.jpg) no-repeat center center; background-size:cover;\"><\/div><div class=\"lightbox-info-ponentes\"><h6 style=\"margin:20px auto 5px;\">Australia<\/h6><h4 style=\"margin:5px auto 20px;\">Monse\u00f1or Anthony Fisher, OP<\/h4><\/div><p>Anthony Fisher es el Arzobispo de S\u00eddney \u2013 Australia, un fraile dominico y te\u00f3logo moral, realiz\u00f3 un Doctorado en Bio\u00e9tica en la Universidad de Oxford. Actualmente forma parte de cinco organismos del Vaticano: la Academia Pontificia para la Vida, el Dicasterio para la Doctrina de la Fe, el Dicasterio para las Iglesias Orientales, el Consejo del S\u00ednodo de los Obispos y la Academia Pontificia de Santo Tom\u00e1s.<\/p><p><a class=\"bt-borde-naranja\" href=\"https:\/\/www.sydneycatholic.org\/our-archbishop\/archbishops-biography\/ \" target=\"_blank\">M\u00e1s informaci\u00f3n<\/a><\/p><h4>Tema de la ponencia<\/h4><div class=\"tema-ponentes\"><h5 style=\"margin:10px auto 5px;\">Iglesia Sinodal: una tienda para todos<\/h5><h6 style=\"margin:5px auto 10px;\">Viernes 6 de septiembre<\/h6><\/div><\/div><div class=\"lightbox-ponentes\" style=\"display: none;\" id=\"ponente-details-15537\"><div class=\"lightbox-img-ponentes\" style=\"background:url(https:\/\/www.iec2024.ec\/wp-content\/uploads\/2024\/02\/ponente-fernando-roca.jpg) no-repeat center center; background-size:cover;\"><\/div><div class=\"lightbox-info-ponentes\"><h6 style=\"margin:20px auto 5px;\">Per\u00fa<\/h6><h4 style=\"margin:5px auto 20px;\">P. Fernando Roca, SJ<\/h4><\/div><p><strong>Universidad:<\/strong> Universidad Cat\u00f3lica del Per\u00fa<\/p><p>El Padre Fernando Roca es jesuita, doctor en antropolog\u00eda social y etnobot\u00e1nico. Es un hombre cuya vida y trayectoria est\u00e1n profundamente conectadas con la naturaleza y la b\u00fasqueda de una relaci\u00f3n armoniosa entre el ser humano y su entorno. Vivi\u00f3 m\u00e1s de una d\u00e9cada junto con los pueblos originarios en la Amazon\u00eda. Es un defensor de la armon\u00eda entre el ser humano y la naturaleza, inspirando una visi\u00f3n m\u00e1s sostenible y consciente de nuestro entorno. Es el Asesor de la Red Eclesial Panamaz\u00f3nica (REPAM).<\/p><p><a class=\"bt-borde-naranja\" href=\"https:\/\/www.pucp.edu.pe\/profesor\/fernando-roca-alcazar\/\" target=\"_blank\">M\u00e1s informaci\u00f3n<\/a><\/p><h4>Tema de la ponencia<\/h4><div class=\"tema-ponentes\"><h5 style=\"margin:10px auto 5px;\">Eucarist\u00eda y cuidado de la casa com\u00fan<\/h5><h6 style=\"margin:5px auto 10px;\">Viernes 6 de septiembre<\/h6><\/div><\/div><div class=\"lightbox-ponentes\" style=\"display: none;\" id=\"ponente-details-15535\"><div class=\"lightbox-img-ponentes\" style=\"background:url(https:\/\/www.iec2024.ec\/wp-content\/uploads\/2024\/05\/morocutti.jpg) no-repeat center center; background-size:cover;\"><\/div><div class=\"lightbox-info-ponentes\"><h6 style=\"margin:20px auto 5px;\">Italia<\/h6><h4 style=\"margin:5px auto 20px;\">P. Paolo Morocutti<\/h4><\/div><p><strong>Universidad:<\/strong> Universidad Cat\u00f3lica del Sagrado Coraz\u00f3n \u00b7 Pontificia Universidad Gregoriana  \u00b7 Universidad LUMSA en Roma<\/p><p>Don Paolo Morocutti, es un sacerdote cat\u00f3lico, profesor de Psicolog\u00eda General y Comunitaria de la Facultad de Medicina y Cirug\u00eda de la Universidad Cat\u00f3lica del Sagrado Coraz\u00f3n. Profesor de Teolog\u00eda Espiritual en la Pontificia Universidad Gregoriana y de Teolog\u00eda Moral en LUMSA de Roma. Su experiencia acad\u00e9mica tambi\u00e9n incluye haber sido Consultor ad casum de la Congregaci\u00f3n para las Causas de los Santos de 2010 a 2015, enriqueciendo su labor docente con una visi\u00f3n desde la pr\u00e1ctica pastoral.<\/p><p><a class=\"bt-borde-naranja\" href=\"https:\/\/docenti.unicatt.it\/ppd2\/it\/docenti\/41451\/paolo-morocutti\/profilo \" target=\"_blank\">M\u00e1s informaci\u00f3n<\/a><\/p><h4>Tema de la ponencia<\/h4><div class=\"tema-ponentes\"><h5 style=\"margin:10px auto 5px;\">Coraz\u00f3n de Jes\u00fas y la fuente de la vida<\/h5><h6 style=\"margin:5px auto 10px;\">Viernes 6 de septiembre<\/h6><\/div><\/div><div class=\"lightbox-ponentes\" style=\"display: none;\" id=\"ponente-details-15533\"><div class=\"lightbox-img-ponentes\" style=\"background:url(https:\/\/www.iec2024.ec\/wp-content\/uploads\/2024\/05\/P.-Damian-Howard-e1715208805202.jpg) no-repeat center center; background-size:cover;\"><\/div><div class=\"lightbox-info-ponentes\"><h6 style=\"margin:20px auto 5px;\">Inglaterra<\/h6><h4 style=\"margin:5px auto 20px;\">P. Damian Howard, SJ<\/h4><\/div><p><strong>Universidad:<\/strong> Universidad de Oxford <\/p><p>El Padre Damian Howard, SJ, recientemente ha sido nombrado Capell\u00e1n Senior en la Capellan\u00eda Cat\u00f3lica de la Universidad de Oxford, el Padre Damian Howard, SJ, tiene la responsabilidad de proporcionar apoyo espiritual y pastoral a la comunidad universitaria. Su experiencia como Provincial de los Jesuitas en Gran Breta\u00f1a y su dedicaci\u00f3n a las relaciones cristiano-musulmanas lo han preparado para desempe\u00f1arse en este entorno intelectualmente estimulante.<\/p><p><a class=\"bt-borde-naranja\" href=\"https:\/\/www.catholic-chaplaincy.org.uk\/introducing-fr-damian-howard-sj-new-senior-chaplain\/ \" target=\"_blank\">M\u00e1s informaci\u00f3n<\/a><\/p><h4>Tema de la ponencia<\/h4><div class=\"tema-ponentes\"><h5 style=\"margin:10px auto 5px;\">Llamados a la reconciliaci\u00f3n<\/h5><h6 style=\"margin:5px auto 10px;\">Jueves 5 de septiembre<\/h6><\/div><\/div><div class=\"lightbox-ponentes\" style=\"display: none;\" id=\"ponente-details-17150\"><div class=\"lightbox-img-ponentes\" style=\"background:url(https:\/\/www.iec2024.ec\/wp-content\/uploads\/2024\/05\/F_XrmBHa8AAYgVe-e1715922710764.jpeg) no-repeat center center; background-size:cover;\"><\/div><div class=\"lightbox-info-ponentes\"><h6 style=\"margin:20px auto 5px;\">Rep\u00fablica del Congo<\/h6><h4 style=\"margin:5px auto 20px;\">Monse\u00f1or Bienvenu Manamika<\/h4><\/div><p>Monse\u00f1or Bienvenu Manamika Bafouakouahou, naci\u00f3 en octubre de 1964 en Brazzaville, es un prelado cat\u00f3lico congole\u00f1o. Actualmente, se desempe\u00f1a como Arzobispo de Brazzaville desde noviembre de 2021. Antes de asumir este cargo, fue Obispo Coadjutor de la arquidi\u00f3cesis de Brazzaville en 2020 y Obispo del di\u00f3cesis de Dolisie de 2013 a 2020. Durante su tiempo como obispo, Monse\u00f1or Manamika tambi\u00e9n estuvo involucrado en la construcci\u00f3n de la primera iglesia dedicada a San Josemar\u00eda en \u00c1frica, en la parroquia de Kinkala.<\/p><p><a class=\"bt-borde-naranja\" href=\"https:\/\/opusdei.org\/es-es\/article\/kinkala-acoge-la-primera-iglesia-dedicada-a-san-josemaria-en-africa\/ \" target=\"_blank\">M\u00e1s informaci\u00f3n<\/a><\/p><h4>Tema del testimonio<\/h4><div class=\"tema-ponentes\"><h5 style=\"margin:10px auto 5px;\">Mundo Herido \u2013 Realidad eclesial en la Rep\u00fablica del Congo<\/h5><h6 style=\"margin:5px auto 10px;\">Martes 10 de septiembre<\/h6><\/div><\/div><div class=\"lightbox-ponentes\" style=\"display: none;\" id=\"ponente-details-17148\"><div class=\"lightbox-img-ponentes\" style=\"background:url(https:\/\/www.iec2024.ec\/wp-content\/uploads\/2024\/05\/Card.Gambetti.jpg) no-repeat center center; background-size:cover;\"><\/div><div class=\"lightbox-info-ponentes\"><h6 style=\"margin:20px auto 5px;\">Italia<\/h6><h4 style=\"margin:5px auto 20px;\">Cardenal Mauro Gambetti, OFMConv<\/h4><\/div><p>Mauro Gambetti, Arzobispo y cardenal cat\u00f3lico italiano. Estudi\u00f3 ingenier\u00eda mec\u00e1nica y antropolog\u00eda teol\u00f3gica en las universidades de Bolonia y Florencia. Su lema es \u201cOmnibus subiecti in caritate\u201d (Sujeto a todo por amor). Es Vicario general de Su Santidad para el Estado de la Ciudad del Vaticano. Es Arcipreste de la Bas\u00edlica de San Pedro, es qui\u00e9n supervisa las actividades lit\u00fargicas y pastorales en la Bas\u00edlica de San Pedro y es el Presidente de la F\u00e1brica de San Pedro.<\/p><p><a class=\"bt-borde-naranja\" href=\"https:\/\/www.ofmconv.net\/es\/sottomessi-a-tutti-nellamore-intervista-al-cardinale-mauro-gambetti-ofmconv\/ \" target=\"_blank\">M\u00e1s informaci\u00f3n<\/a><\/p><h4>Tema de la ponencia<\/h4><div class=\"tema-ponentes\"><h5 style=\"margin:10px auto 5px;\">Por una Iglesia Sinodal<\/h5><h6 style=\"margin:5px auto 10px;\">Jueves 12 de septiembre<\/h6><\/div><\/div><div class=\"lightbox-ponentes\" style=\"display: none;\" id=\"ponente-details-17146\"><div class=\"lightbox-img-ponentes\" style=\"background:url(https:\/\/www.iec2024.ec\/wp-content\/uploads\/2024\/05\/Hna.CannavinaD.jpg) no-repeat center center; background-size:cover;\"><\/div><div class=\"lightbox-info-ponentes\"><h6 style=\"margin:20px auto 5px;\">Argentina<\/h6><h4 style=\"margin:5px auto 20px;\">Hna. Daniela Cannavina, HCMR<\/h4><\/div><p>Daniela Cannavina es una voz significativa en el contexto del S\u00ednodo de los Obispos. Como Hermana Capuchina de Madre Rubatto, ha participado activamente en diversos s\u00ednodos y asambleas. Su trabajo ejemplifica la importancia del di\u00e1logo, la inclusi\u00f3n y la colaboraci\u00f3n dentro de la Iglesia.<\/p><p><a class=\"bt-borde-naranja\" href=\"https:\/\/www.globalsistersreport.org\/earthbeat\/news\/religious-keep-momentum-amazon-synod-alive-wider-latin-american-caribbean-region \" target=\"_blank\">M\u00e1s informaci\u00f3n<\/a><\/p><h4>Tema de la ponencia<\/h4><div class=\"tema-ponentes\"><h5 style=\"margin:10px auto 5px;\">Fraternidad redimida en Cristo<\/h5><h6 style=\"margin:5px auto 10px;\">Martes 10 de septiembre<\/h6><\/div><\/div><div class=\"lightbox-ponentes\" style=\"display: none;\" id=\"ponente-details-19012\"><div class=\"lightbox-img-ponentes\" style=\"background:url(https:\/\/www.iec2024.ec\/wp-content\/uploads\/2024\/06\/FOTOF.png) no-repeat center center; background-size:cover;\"><\/div><div class=\"lightbox-info-ponentes\"><h6 style=\"margin:20px auto 5px;\">Argentina<\/h6><h4 style=\"margin:5px auto 20px;\">Pablo Mart\u00ednez<\/h4><\/div><p>Pablo Mart\u00ednez, naci\u00f3 en Rosario, Argentina, el 26 de junio de 1978, es un cantante cat\u00f3lico reconocido internacionalmente. Adem\u00e1s de su m\u00fasica, tambi\u00e9n es conferencista, catequista, escritor, profesor de Teolog\u00eda y actualmente a cargo del proyecto art\u00edstico y de evangelizaci\u00f3n a trav\u00e9s de diversos medios de comunicaci\u00f3n y plataformas digitales.<\/p><p><a class=\"bt-borde-naranja\" href=\"https:\/\/beacons.ai\/pablomartinez\" target=\"_blank\">M\u00e1s informaci\u00f3n<\/a><\/p><h4>Tema de la ponencia<\/h4><div class=\"tema-ponentes\"><h5 style=\"margin:10px auto 5px;\">Eucarist\u00eda: Salmo de Fraternidad<\/h5><h6 style=\"margin:5px auto 10px;\">Viernes 13 de septiembre<\/h6><\/div><\/div><div class=\"lightbox-ponentes\" style=\"display: none;\" id=\"ponente-details-19010\"><div class=\"lightbox-img-ponentes\" style=\"background:url(https:\/\/www.iec2024.ec\/wp-content\/uploads\/2024\/06\/foto-Rodrigo-Guerra.jpeg.jpg) no-repeat center center; background-size:cover;\"><\/div><div class=\"lightbox-info-ponentes\"><h6 style=\"margin:20px auto 5px;\">Roma<\/h6><h4 style=\"margin:5px auto 20px;\">Dr. Rodrigo Guerra<\/h4><\/div><p>Rodrigo Guerra L\u00f3pez, naci\u00f3 en la Ciudad de M\u00e9xico, obtuvo un Doctorado en Filosof\u00eda \"Summa cum Laude\" en Liechtenstein. Ha escrito 35 libros principalmente dedicados a la Antropolog\u00eda filos\u00f3fica, Bio\u00e9tica y Filosof\u00eda social, tres de ellos prologados por el Papa Francisco. Ha sido profesor visitante en diversas universidades internacionales. En su carrera profesional, ha ocupado varios puestos de liderazgo en organizaciones religiosas y sociales, incluyendo Presidente de C\u00e1ritas en Quer\u00e9taro y Director General de la Comisi\u00f3n Episcopal de Pastoral Social. Fue miembro del Pontificio Consejo \"Justicia y Paz\" y de la Pontificia Academia para la Vida, nombrado por el Papa Benedicto XVI. Actualmente, es profesor en varias universidades pontificias y miembro de consejos internacionales, adem\u00e1s de ser Secretario del Pontificio Consejo para Am\u00e9rica Latina, nombrado por el Papa Francisco.<\/p><p><a class=\"bt-borde-naranja\" href=\"https:\/\/www.rodrigoguerra.net\/ \" target=\"_blank\">M\u00e1s informaci\u00f3n<\/a><\/p><h4>Tema de la ponencia<\/h4><div class=\"tema-ponentes\"><h5 style=\"margin:10px auto 5px;\">Devociones eucar\u00edsticas y piedad popular<\/h5><h6 style=\"margin:5px auto 10px;\">Jueves 5 de septiembre<\/h6><\/div><\/div><div class=\"lightbox-ponentes\" style=\"display: none;\" id=\"ponente-details-19008\"><div class=\"lightbox-img-ponentes\" style=\"background:url(https:\/\/www.iec2024.ec\/wp-content\/uploads\/2024\/07\/Imagen-de-WhatsApp-2024-07-11-a-las-17.03.19_26e5d97f.jpg) no-repeat center center; background-size:cover;\"><\/div><div class=\"lightbox-info-ponentes\"><h6 style=\"margin:20px auto 5px;\">Brasil<\/h6><h4 style=\"margin:5px auto 20px;\">Dra. Vit\u00f3ria Andreatta De Carli<\/h4><\/div><p>Vit\u00f3ria Bertaso Andreatta De Carli es una estudiosa de la espiritualidad cristiana y su naturaleza secular. Desarroll\u00f3 su investigaci\u00f3n en el Programa de Posgrado en Teolog\u00eda de la Pontificia Universidad Cat\u00f3lica de Rio Grande do Sul (PUCRS). Su tesis doctoral, titulada \u201cLa Espiritualidad Laica y su Naturaleza Secular a la Luz del Concilio Ecum\u00e9nico Vaticano II: La Santidad en la Vida Cotidiana\u201d, aborda la espiritualidad laica y su relaci\u00f3n con la santidad en el contexto del Concilio Vaticano II. Vit\u00f3ria Andreatta De Carli ha contribuido significativamente al estudio de la espiritualidad cristiana y su aplicaci\u00f3n en la vida cotidiana.<\/p><p><a class=\"bt-borde-naranja\" href=\"https:\/\/www.escavador.com\/sobre\/12186313\/vitoria-bertaso-andreatta-de-carli \" target=\"_blank\">M\u00e1s informaci\u00f3n<\/a><\/p><h4>Tema de la ponencia<\/h4><div class=\"tema-ponentes\"><h5 style=\"margin:10px auto 5px;\">De Hermanos a enemigos<\/h5><h6 style=\"margin:5px auto 10px;\">Jueves 5 de septiembre<\/h6><\/div><\/div><div class=\"lightbox-ponentes\" style=\"display: none;\" id=\"ponente-details-19006\"><div class=\"lightbox-img-ponentes\" style=\"background:url(https:\/\/www.iec2024.ec\/wp-content\/uploads\/2024\/07\/hermana-rosmery-castaneda-bloque_ficha-e1720798480928.jpg) no-repeat center center; background-size:cover;\"><\/div><div class=\"lightbox-info-ponentes\"><h6 style=\"margin:20px auto 5px;\">Panam\u00e1<\/h6><h4 style=\"margin:5px auto 20px;\">Hna. Rosmery Casta\u00f1eda<\/h4><\/div><p>La hermana Rosmery Casta\u00f1eda, dominica de las Hermanas de la Caridad Dominica de la Presentaci\u00f3n, es te\u00f3loga, mag\u00edster en Teolog\u00eda y Biblia. Naci\u00f3 en Colombia y reside en Panam\u00e1. Ha sido llamada por el Papa Francisco para participar en el S\u00ednodo de la Sinodalidad y es la \u00fanica mujer de la Orden de Predicadores. Su participaci\u00f3n representa un momento significativo en la Iglesia, aportando con su trabajo a la visi\u00f3n de que la fraternidad sin los \u00faltimos no es verdadera fraternidad.<\/p><p><a class=\"bt-borde-naranja\" href=\"https:\/\/www.dominicos.org\/noticia\/entrevista-rosmery-castanada-sinodo\/ \" target=\"_blank\">M\u00e1s informaci\u00f3n<\/a><\/p><h4>Tema de la ponencia<\/h4><div class=\"tema-ponentes\"><h5 style=\"margin:10px auto 5px;\">Fraternidad sin los \u00faltimos no es fraternidad<\/h5><h6 style=\"margin:5px auto 10px;\">Viernes 6 de septiembre<\/h6><\/div><\/div>\n\t\t<section class=\"section-videos t-a-c\">\n\t    <div class=\"content-section-videos width-1200-sala\" style=\"padding: 0; margin: 0; max-width: 100%; display:block; \">\n\t        \t            <div class=\"item-post-voluntariado item-eventos-simposio-new eventos-congreso-1\" id=\"eventos-congreso-1\">\n\t                <div class=\"dia-fecha-evento-congreso\" style=\"display: inline-block; width: 80px; height: 80px; padding: 12px 4px; font-size: 12px; background: #2e294e; color: #ffffff; border-radius: 5px; margin-right: 10px; vertical-align: top; position: inherit;\">\n\t                    <span class=\"dia-evento-congreso\">08<\/span>\n\t                    <span class=\"fecha-evento-congreso\">SEP 2024<\/span>\n\t                <\/div>\n\t                <div class=\"info-post-voluntariado\" style=\"width: calc(100% - 110px); padding:0px;\">\n\t                    <div class=\"contenido-info-post bordes-redondeados\" style=\"background: #f7f7f8; padding: 20px 30px; border-radius: 5px;\">\n                            <h3 class=\"t-a-l\" style=\"margin: 5px auto;\"><strong>Eucarist\u00eda de apertura<\/strong><\/h3>\n                            <p class=\"t-a-l\" style=\"font-style:italic; margin: 5px auto 10px;\">Primeras Comuniones<\/p>\n                                <div class=\"imagen-post-voluntariado imagen-post-coro-orquesta bordes-redondeados\" style=\"height:auto; width:100%; margin-bottom:10px;\">\n        <span class=\"imagen-post-voluntariado imagen-evento-simposio bordes-redondeados\" style=\"background:url('https:\/\/www.iec2024.ec\/wp-content\/uploads\/2024\/01\/yandryfernandez_cuba-1560961766565-cathopic-scaled.jpg') no-repeat center center; width:100%;\">\n    <\/span>\n        <\/div> \n        \t                        <div class=\"contenedor-tabla\">\n\t                            \t                                <table style=\"width: 100%; border-collapse: collapse;\">\n\t                                    \t                                        <tr>\n\t                                            <td style=\"border: none; padding: 8px; border-bottom: 2px solid #ffffff;\">10h00<\/td>\n\t                                            <td style=\"border: none; padding: 8px; border-bottom: 2px solid #ffffff;\">Eucarist\u00eda de Apertura<\/td>\n\t                                        <\/tr>\n\t                                    \t                                        <tr>\n\t                                            <td style=\"border: none; padding: 8px; border-bottom: 2px solid #ffffff;\">Lugar:<\/td>\n\t                                            <td style=\"border: none; padding: 8px; border-bottom: 2px solid #ffffff;\">Explanada del parque Bicentenario<\/td>\n\t                                        <\/tr>\n\t                                    \t                                        <tr>\n\t                                            <td style=\"border: none; padding: 8px; border-bottom: 2px solid #ffffff;\">Preside:<\/td>\n\t                                            <td style=\"border: none; padding: 8px; border-bottom: 2px solid #ffffff;\"><span>Mons. Alfredo Jos\u00e9 Espinoza Mateus,sdb Arzobispo de Quito y Primado del Ecuador<\/span><\/td>\n\t                                        <\/tr>\n\t                                    \t                                <\/table>\n\t                            \t                        <\/div>\n\t                    <\/div>\n\t                <\/div>\n\t            <\/div>\n\t            \t        \t            <div class=\"item-post-voluntariado item-eventos-simposio-new eventos-congreso-2\" id=\"eventos-congreso-2\">\n\t                <div class=\"dia-fecha-evento-congreso\" style=\"display: inline-block; width: 80px; height: 80px; padding: 12px 4px; font-size: 12px; background: #2e294e; color: #ffffff; border-radius: 5px; margin-right: 10px; vertical-align: top; position: inherit;\">\n\t                    <span class=\"dia-evento-congreso\">09<\/span>\n\t                    <span class=\"fecha-evento-congreso\">SEP 2024<\/span>\n\t                <\/div>\n\t                <div class=\"info-post-voluntariado\" style=\"width: calc(100% - 110px); padding:0px;\">\n\t                    <div class=\"contenido-info-post bordes-redondeados\" style=\"background: #f7f7f8; padding: 20px 30px; border-radius: 5px;\">\n                            <h3 class=\"t-a-l\" style=\"margin: 5px auto;\"><strong>PRIMER D\u00cdA<br\/>Mundo herido<\/strong><\/h3>\n                            <p class=\"t-a-l\" style=\"font-style:italic; margin: 5px auto 10px;\">\u00ab\u00bfD\u00f3nde est\u00e1 tu hermano?\u00bb (Gn 4, 9)<\/p>\n                                <div class=\"imagen-post-voluntariado imagen-post-coro-orquesta bordes-redondeados\" style=\"height:auto; width:100%; margin-bottom:10px;\">\n        <span class=\"imagen-post-voluntariado imagen-evento-simposio bordes-redondeados\" style=\"background:url('https:\/\/www.iec2024.ec\/wp-content\/uploads\/2024\/01\/op1.jpg') no-repeat center center; width:100%;\">\n    <\/span>\n        <\/div> \n        \t                        <div class=\"contenedor-tabla\">\n\t                            \t                                <table style=\"width: 100%; border-collapse: collapse;\">\n\t                                    \t                                        <tr>\n\t                                            <td style=\"border: none; padding: 8px; border-bottom: 2px solid #ffffff;\">07h00<\/td>\n\t                                            <td style=\"border: none; padding: 8px; border-bottom: 2px solid #ffffff;\">Acreditaciones<\/td>\n\t                                        <\/tr>\n\t                                    \t                                        <tr>\n\t                                            <td style=\"border: none; padding: 8px; border-bottom: 2px solid #ffffff;\">08h30<\/td>\n\t                                            <td style=\"border: none; padding: 8px; border-bottom: 2px solid #ffffff;\">Eucarist\u00eda<\/td>\n\t                                        <\/tr>\n\t                                    \t                                        <tr>\n\t                                            <td style=\"border: none; padding: 8px; border-bottom: 2px solid #ffffff;\">Preside:<\/td>\n\t                                            <td style=\"border: none; padding: 8px; border-bottom: 2px solid #ffffff;\"><span>Mons. Jaime Spengler - Arzobispo de Porto Alegre y Presidente del CELAM<\/span><\/td>\n\t                                        <\/tr>\n\t                                    \t                                        <tr>\n\t                                            <td style=\"border: none; padding: 8px; border-bottom: 2px solid #ffffff;\">09h45<\/td>\n\t                                            <td style=\"border: none; padding: 8px; border-bottom: 2px solid #ffffff;\">Bienvenida<\/td>\n\t                                        <\/tr>\n\t                                    \t                                        <tr>\n\t                                            <td style=\"border: none; padding: 8px; border-bottom: 2px solid #ffffff;\">10h00<\/td>\n\t                                            <td style=\"border: none; padding: 8px; border-bottom: 2px solid #ffffff;\"><strong>Conferencia:<\/strong><\/td>\n\t                                        <\/tr>\n\t                                    \t                                        <tr>\n\t                                            <td style=\"border: none; padding: 8px; border-bottom: 2px solid #ffffff;\">Tema:<\/td>\n\t                                            <td style=\"border: none; padding: 8px; border-bottom: 2px solid #ffffff;\"><strong>\"Mundo Herido\"<\/strong><br\/><a href=\"#ponente-details-10785\" class=\"ponente-lightbox\">Juan Manuel Cotelo<\/a><small>Productor y guionista espa\u00f1ol<\/small><\/td>\n\t                                        <\/tr>\n\t                                    \t                                        <tr>\n\t                                            <td style=\"border: none; padding: 8px; border-bottom: 2px solid #ffffff;\">11h00<\/td>\n\t                                            <td style=\"border: none; padding: 8px; border-bottom: 2px solid #ffffff;\">Descanso <\/td>\n\t                                        <\/tr>\n\t                                    \t                                        <tr>\n\t                                            <td style=\"border: none; padding: 8px; border-bottom: 2px solid #ffffff;\">11h45<\/td>\n\t                                            <td style=\"border: none; padding: 8px; border-bottom: 2px solid #ffffff;\"><strong>Conversatorio:<\/strong><\/td>\n\t                                        <\/tr>\n\t                                    \t                                        <tr>\n\t                                            <td style=\"border: none; padding: 8px; border-bottom: 2px solid #ffffff;\">Tema:<\/td>\n\t                                            <td style=\"border: none; padding: 8px; border-bottom: 2px solid #ffffff;\"><strong>Heridas de la sociedad de hoy<\/strong><br\/>Dr. Rodrigo Guerra<br\/><small>Secretario del Pontificio Consejo para Am\u00e9rica Latina<\/small><\/td>\n\t                                        <\/tr>\n\t                                    \t                                        <tr>\n\t                                            <td style=\"border: none; padding: 8px; border-bottom: 2px solid #ffffff;\">Tema:<\/td>\n\t                                            <td style=\"border: none; padding: 8px; border-bottom: 2px solid #ffffff;\"><strong>Heridas en la ciudad<\/strong><br\/>Lcdo. Pabel Mu\u00f1oz<br\/><small>Alcalde Metropolitano de Quito<\/small><\/td>\n\t                                        <\/tr>\n\t                                    \t                                        <tr>\n\t                                            <td style=\"border: none; padding: 8px; border-bottom: 2px solid #ffffff;\">13h00<\/td>\n\t                                            <td style=\"border: none; padding: 8px; border-bottom: 2px solid #ffffff;\">Almuerzo <\/td>\n\t                                        <\/tr>\n\t                                    \t                                        <tr>\n\t                                            <td style=\"border: none; padding: 8px; border-bottom: 2px solid #ffffff;\">15h00<\/td>\n\t                                            <td style=\"border: none; padding: 8px; border-bottom: 2px solid #ffffff;\"><strong>Testimonio:<\/strong><\/td>\n\t                                        <\/tr>\n\t                                    \t                                        <tr>\n\t                                            <td style=\"border: none; padding: 8px; border-bottom: 2px solid #ffffff;\"><\/td>\n\t                                            <td style=\"border: none; padding: 8px; border-bottom: 2px solid #ffffff;\"><strong>Pastoral en tiempos de Guerra<\/strong><br\/>Mons. Hryhoriy Komar<br\/><small>Obispo Auxiliar de Sambir - Ucrania<\/small><\/td>\n\t                                        <\/tr>\n\t                                    \t                                        <tr>\n\t                                            <td style=\"border: none; padding: 8px; border-bottom: 2px solid #ffffff;\"><\/td>\n\t                                            <td style=\"border: none; padding: 8px; border-bottom: 2px solid #ffffff;\"><strong>Heridas de la migraci\u00f3n<\/strong><br\/> Leyden Rovelo-Krull<br\/><small>Directora, Oficina del Ministerio Hispano - EE.UU <\/small><\/td>\n\t                                        <\/tr>\n\t                                    \t                                <\/table>\n\t                            \t                        <\/div>\n\t                    <\/div>\n\t                <\/div>\n\t            <\/div>\n\t            \t        \t            <div class=\"item-post-voluntariado item-eventos-simposio-new eventos-congreso-3\" id=\"eventos-congreso-3\">\n\t                <div class=\"dia-fecha-evento-congreso\" style=\"display: inline-block; width: 80px; height: 80px; padding: 12px 4px; font-size: 12px; background: #2e294e; color: #ffffff; border-radius: 5px; margin-right: 10px; vertical-align: top; position: inherit;\">\n\t                    <span class=\"dia-evento-congreso\">11<\/span>\n\t                    <span class=\"fecha-evento-congreso\">SEP 2024<\/span>\n\t                <\/div>\n\t                <div class=\"info-post-voluntariado\" style=\"width: calc(100% - 110px); padding:0px;\">\n\t                    <div class=\"contenido-info-post bordes-redondeados\" style=\"background: #f7f7f8; padding: 20px 30px; border-radius: 5px;\">\n                            <h3 class=\"t-a-l\" style=\"margin: 5px auto;\"><strong>TERCER D\u00cdA<br\/>Eucarist\u00eda y transfiguraci\u00f3n del mundo<\/strong><\/h3>\n                            <p class=\"t-a-l\" style=\"font-style:italic; margin: 5px auto 10px;\">\u00abEl que come mi carne y bebe mi sangre, permanece en m\u00ed y yo en \u00e9l\u00bb (Juan 6, 56).<\/p>\n                                <div class=\"imagen-post-voluntariado imagen-post-coro-orquesta bordes-redondeados\" style=\"height:auto; width:100%; margin-bottom:10px;\">\n        <span class=\"imagen-post-voluntariado imagen-evento-simposio bordes-redondeados\" style=\"background:url('https:\/\/www.iec2024.ec\/wp-content\/uploads\/2024\/01\/op3-3-scaled.jpg') no-repeat center center; width:100%;\">\n    <\/span>\n        <\/div> \n        \t                        <div class=\"contenedor-tabla\">\n\t                            \t                                <table style=\"width: 100%; border-collapse: collapse;\">\n\t                                    \t                                        <tr>\n\t                                            <td style=\"border: none; padding: 8px; border-bottom: 2px solid #ffffff;\">08h00<\/td>\n\t                                            <td style=\"border: none; padding: 8px; border-bottom: 2px solid #ffffff;\">Llegada<\/td>\n\t                                        <\/tr>\n\t                                    \t                                        <tr>\n\t                                            <td style=\"border: none; padding: 8px; border-bottom: 2px solid #ffffff;\">08h30<\/td>\n\t                                            <td style=\"border: none; padding: 8px; border-bottom: 2px solid #ffffff;\">Eucarist\u00eda<\/td>\n\t                                        <\/tr>\n\t                                    \t                                        <tr>\n\t                                            <td style=\"border: none; padding: 8px; border-bottom: 2px solid #ffffff;\">Preside:<\/td>\n\t                                            <td style=\"border: none; padding: 8px; border-bottom: 2px solid #ffffff;\"><span>Cardenal Mauro Gambetti,  OFM.Conv. Vicario general de Su Santidad para la Ciudad del Vaticano<\/span><\/td>\n\t                                        <\/tr>\n\t                                    \t                                        <tr>\n\t                                            <td style=\"border: none; padding: 8px; border-bottom: 2px solid #ffffff;\">09h45<\/td>\n\t                                            <td style=\"border: none; padding: 8px; border-bottom: 2px solid #ffffff;\"><strong>Conferencia:<\/strong><\/td>\n\t                                        <\/tr>\n\t                                    \t                                        <tr>\n\t                                            <td style=\"border: none; padding: 8px; border-bottom: 2px solid #ffffff;\">Tema:<\/td>\n\t                                            <td style=\"border: none; padding: 8px; border-bottom: 2px solid #ffffff;\"><strong>\u201cEucarist\u00eda y transfiguraci\u00f3n del  mundo\u201d<\/strong><br\/><a href=\"#ponente-details-10789\" class=\"ponente-lightbox\">Mons. Andrew Cozzens<\/a><br\/><small>Obispo de Crookston<\/small><\/td>\n\t                                        <\/tr>\n\t                                    \t                                        <tr>\n\t                                            <td style=\"border: none; padding: 8px; border-bottom: 2px solid #ffffff;\">10h45<\/td>\n\t                                            <td style=\"border: none; padding: 8px; border-bottom: 2px solid #ffffff;\">Descanso<\/td>\n\t                                        <\/tr>\n\t                                    \t                                        <tr>\n\t                                            <td style=\"border: none; padding: 8px; border-bottom: 2px solid #ffffff;\">11h30<\/td>\n\t                                            <td style=\"border: none; padding: 8px; border-bottom: 2px solid #ffffff;\"><strong>Testimonios:<\/strong><\/td>\n\t                                        <\/tr>\n\t                                    \t                                        <tr>\n\t                                            <td style=\"border: none; padding: 8px; border-bottom: 2px solid #ffffff;\"><\/td>\n\t                                            <td style=\"border: none; padding: 8px; border-bottom: 2px solid #ffffff;\">P. Jos\u00e9 Antonio Maeso Gonz\u00e1l<\/td>\n\t                                        <\/tr>\n\t                                    \t                                        <tr>\n\t                                            <td style=\"border: none; padding: 8px; border-bottom: 2px solid #ffffff;\"><\/td>\n\t                                            <td style=\"border: none; padding: 8px; border-bottom: 2px solid #ffffff;\">Mar\u00eda de Lourdes Amador<\/td>\n\t                                        <\/tr>\n\t                                    \t                                        <tr>\n\t                                            <td style=\"border: none; padding: 8px; border-bottom: 2px solid #ffffff;\">13h00<\/td>\n\t                                            <td style=\"border: none; padding: 8px; border-bottom: 2px solid #ffffff;\">Almuerzo <\/td>\n\t                                        <\/tr>\n\t                                    \t                                        <tr>\n\t                                            <td style=\"border: none; padding: 8px; border-bottom: 2px solid #ffffff;\">15h00<\/td>\n\t                                            <td style=\"border: none; padding: 8px; border-bottom: 2px solid #ffffff;\"><strong>Conferencia:<\/strong><\/td>\n\t                                        <\/tr>\n\t                                    \t                                        <tr>\n\t                                            <td style=\"border: none; padding: 8px; border-bottom: 2px solid #ffffff;\">Tema:<\/td>\n\t                                            <td style=\"border: none; padding: 8px; border-bottom: 2px solid #ffffff;\"><strong>\u201cEl Sagrado Coraz\u00f3n de Jes\u00fas, exigencia de fraternidad\u201d<\/strong><br\/><a href=\"#ponente-details-15255\" class=\"ponente-lightbox\">Mons. Jos\u00e9 Ignacio\u00a0Munilla<\/a><br\/><small>Obispo de Orihuela - Alicante<\/small><\/td>\n\t                                        <\/tr>\n\t                                    \t                                <\/table>\n\t                            \t                        <\/div>\n\t                    <\/div>\n\t                <\/div>\n\t            <\/div>\n\t            \t        \t            <div class=\"item-post-voluntariado item-eventos-simposio-new eventos-congreso-4\" id=\"eventos-congreso-4\">\n\t                <div class=\"dia-fecha-evento-congreso\" style=\"display: inline-block; width: 80px; height: 80px; padding: 12px 4px; font-size: 12px; background: #2e294e; color: #ffffff; border-radius: 5px; margin-right: 10px; vertical-align: top; position: inherit;\">\n\t                    <span class=\"dia-evento-congreso\">12<\/span>\n\t                    <span class=\"fecha-evento-congreso\">SEP 2024<\/span>\n\t                <\/div>\n\t                <div class=\"info-post-voluntariado\" style=\"width: calc(100% - 110px); padding:0px;\">\n\t                    <div class=\"contenido-info-post bordes-redondeados\" style=\"background: #f7f7f8; padding: 20px 30px; border-radius: 5px;\">\n                            <h3 class=\"t-a-l\" style=\"margin: 5px auto;\"><strong>CUARTO D\u00cdA<br\/>Por una Iglesia sinodal<\/strong><\/h3>\n                            <p class=\"t-a-l\" style=\"font-style:italic; margin: 5px auto 10px;\">\u00abQue se amen los unos a otros; como yo los he amado\u00bb (Jn 13, 34)<\/p>\n                                <div class=\"imagen-post-voluntariado imagen-post-coro-orquesta bordes-redondeados\" style=\"height:auto; width:100%; margin-bottom:10px;\">\n        <span class=\"imagen-post-voluntariado imagen-evento-simposio bordes-redondeados\" style=\"background:url('https:\/\/www.iec2024.ec\/wp-content\/uploads\/2024\/01\/op1-1-scaled.jpg') no-repeat center center; width:100%;\">\n    <\/span>\n        <\/div> \n        \t                        <div class=\"contenedor-tabla\">\n\t                            \t                                <table style=\"width: 100%; border-collapse: collapse;\">\n\t                                    \t                                        <tr>\n\t                                            <td style=\"border: none; padding: 8px; border-bottom: 2px solid #ffffff;\">08h00<\/td>\n\t                                            <td style=\"border: none; padding: 8px; border-bottom: 2px solid #ffffff;\">Oraci\u00f3n<\/td>\n\t                                        <\/tr>\n\t                                    \t                                        <tr>\n\t                                            <td style=\"border: none; padding: 8px; border-bottom: 2px solid #ffffff;\">08h30<\/td>\n\t                                            <td style=\"border: none; padding: 8px; border-bottom: 2px solid #ffffff;\"><strong>Conferencia:<\/strong><\/td>\n\t                                        <\/tr>\n\t                                    \t                                        <tr>\n\t                                            <td style=\"border: none; padding: 8px; border-bottom: 2px solid #ffffff;\">Tema:<\/td>\n\t                                            <td style=\"border: none; padding: 8px; border-bottom: 2px solid #ffffff;\"><strong>\u201cPor una Iglesia Sinodal\"<\/strong><br\/><a href=\"#ponente-details-17119\" class=\"ponente-lightbox\">Cardenal Mauro Gambetti<\/a><br\/><small>Vicario general de Su Santidad para la Ciudad del Vaticano<\/small><\/td>\n\t                                        <\/tr>\n\t                                    \t                                        <tr>\n\t                                            <td style=\"border: none; padding: 8px; border-bottom: 2px solid #ffffff;\">09h30<\/td>\n\t                                            <td style=\"border: none; padding: 8px; border-bottom: 2px solid #ffffff;\"><strong>Conversatorio:<\/strong><\/td>\n\t                                        <\/tr>\n\t                                    \t                                        <tr>\n\t                                            <td style=\"border: none; padding: 8px; border-bottom: 2px solid #ffffff;\">Obispo<\/td>\n\t                                            <td style=\"border: none; padding: 8px; border-bottom: 2px solid #ffffff;\">Mons. Lizardo Estrada, OSA - Per\u00fa<\/td>\n\t                                        <\/tr>\n\t                                    \t                                        <tr>\n\t                                            <td style=\"border: none; padding: 8px; border-bottom: 2px solid #ffffff;\">Laica:<\/td>\n\t                                            <td style=\"border: none; padding: 8px; border-bottom: 2px solid #ffffff;\"><a href=\"#ponente-details-18044\" class=\"ponente-lightbox\">Mary Wu - Taiw\u00e1n<\/a><\/td>\n\t                                        <\/tr>\n\t                                    \t                                        <tr>\n\t                                            <td style=\"border: none; padding: 8px; border-bottom: 2px solid #ffffff;\">Matrimonio:<\/td>\n\t                                            <td style=\"border: none; padding: 8px; border-bottom: 2px solid #ffffff;\">Max y Mar\u00eda Gabriela Ammann<\/td>\n\t                                        <\/tr>\n\t                                    \t                                        <tr>\n\t                                            <td style=\"border: none; padding: 8px; border-bottom: 2px solid #ffffff;\">10h30<\/td>\n\t                                            <td style=\"border: none; padding: 8px; border-bottom: 2px solid #ffffff;\">Descanso<\/td>\n\t                                        <\/tr>\n\t                                    \t                                        <tr>\n\t                                            <td style=\"border: none; padding: 8px; border-bottom: 2px solid #ffffff;\">11h15<\/td>\n\t                                            <td style=\"border: none; padding: 8px; border-bottom: 2px solid #ffffff;\"><strong>Conferencia:<\/strong><\/td>\n\t                                        <\/tr>\n\t                                    \t                                        <tr>\n\t                                            <td style=\"border: none; padding: 8px; border-bottom: 2px solid #ffffff;\">Tema:<\/td>\n\t                                            <td style=\"border: none; padding: 8px; border-bottom: 2px solid #ffffff;\"><strong>\"La familia a la luz de la Eucarist\u00eda, escuela de\u00a0fraternidad\"<\/strong><br\/><a href=\"#ponente-details-17125\" class=\"ponente-lightbox\">Mons. Graziano Borgonovo<\/a><br\/><small>Subsecretario del Dicasterio para la Evangelizaci\u00f3n<\/small><\/td>\n\t                                        <\/tr>\n\t                                    \t                                        <tr>\n\t                                            <td style=\"border: none; padding: 8px; border-bottom: 2px solid #ffffff;\">12h15<\/td>\n\t                                            <td style=\"border: none; padding: 8px; border-bottom: 2px solid #ffffff;\"><strong>Testimonio:<\/strong><\/td>\n\t                                        <\/tr>\n\t                                    \t                                        <tr>\n\t                                            <td style=\"border: none; padding: 8px; border-bottom: 2px solid #ffffff;\"><\/td>\n\t                                            <td style=\"border: none; padding: 8px; border-bottom: 2px solid #ffffff;\">Andrea Losi<br\/><small>Familia de Mato  Grosso<\/small><\/td>\n\t                                        <\/tr>\n\t                                    \t                                        <tr>\n\t                                            <td style=\"border: none; padding: 8px; border-bottom: 2px solid #ffffff;\">13h00<\/td>\n\t                                            <td style=\"border: none; padding: 8px; border-bottom: 2px solid #ffffff;\">Almuerzo<\/td>\n\t                                        <\/tr>\n\t                                    \t                                        <tr>\n\t                                            <td style=\"border: none; padding: 8px; border-bottom: 2px solid #ffffff;\">18h00<\/td>\n\t                                            <td style=\"border: none; padding: 8px; border-bottom: 2px solid #ffffff;\"><strong>Misas por idiomas<\/strong> en las iglesias del Centro  Hist\u00f3rico: Espa\u00f1ol afro, Ingl\u00e9s, Franc\u00e9s,  Italiano, Alem\u00e1n, Kichwa, Portugu\u00e9s, Chino.<\/td>\n\t                                        <\/tr>\n\t                                    \t                                <\/table>\n\t                            \t                        <\/div>\n\t                    <\/div>\n\t                <\/div>\n\t            <\/div>\n\t            \t        \t            <div class=\"item-post-voluntariado item-eventos-simposio-new eventos-congreso-5\" id=\"eventos-congreso-5\">\n\t                <div class=\"dia-fecha-evento-congreso\" style=\"display: inline-block; width: 80px; height: 80px; padding: 12px 4px; font-size: 12px; background: #2e294e; color: #ffffff; border-radius: 5px; margin-right: 10px; vertical-align: top; position: inherit;\">\n\t                    <span class=\"dia-evento-congreso\">13<\/span>\n\t                    <span class=\"fecha-evento-congreso\">SEP 2024<\/span>\n\t                <\/div>\n\t                <div class=\"info-post-voluntariado\" style=\"width: calc(100% - 110px); padding:0px;\">\n\t                    <div class=\"contenido-info-post bordes-redondeados\" style=\"background: #f7f7f8; padding: 20px 30px; border-radius: 5px;\">\n                            <h3 class=\"t-a-l\" style=\"margin: 5px auto;\"><strong>QUINTO D\u00cdA<br\/>Eucarist\u00eda salmo de fraternidad<\/strong><\/h3>\n                            <p class=\"t-a-l\" style=\"font-style:italic; margin: 5px auto 10px;\">\u00abUstedes son todos hermanos\u00bb (Mt 23, 8)<\/p>\n                                <div class=\"imagen-post-voluntariado imagen-post-coro-orquesta bordes-redondeados\" style=\"height:auto; width:100%; margin-bottom:10px;\">\n        <span class=\"imagen-post-voluntariado imagen-evento-simposio bordes-redondeados\" style=\"background:url('https:\/\/www.iec2024.ec\/wp-content\/uploads\/2024\/01\/cathopic_1496172492263187-scaled.jpg') no-repeat center center; width:100%;\">\n    <\/span>\n        <\/div> \n        \t                        <div class=\"contenedor-tabla\">\n\t                            \t                                <table style=\"width: 100%; border-collapse: collapse;\">\n\t                                    \t                                        <tr>\n\t                                            <td style=\"border: none; padding: 8px; border-bottom: 2px solid #ffffff;\">08h00<\/td>\n\t                                            <td style=\"border: none; padding: 8px; border-bottom: 2px solid #ffffff;\">Llegada<\/td>\n\t                                        <\/tr>\n\t                                    \t                                        <tr>\n\t                                            <td style=\"border: none; padding: 8px; border-bottom: 2px solid #ffffff;\">08h30<\/td>\n\t                                            <td style=\"border: none; padding: 8px; border-bottom: 2px solid #ffffff;\">Eucarist\u00eda<\/td>\n\t                                        <\/tr>\n\t                                    \t                                        <tr>\n\t                                            <td style=\"border: none; padding: 8px; border-bottom: 2px solid #ffffff;\">Preside:<\/td>\n\t                                            <td style=\"border: none; padding: 8px; border-bottom: 2px solid #ffffff;\"><span>Mons. Anthony Fisher \u2013 Arzobispo de Sydney<\/span><\/td>\n\t                                        <\/tr>\n\t                                    \t                                        <tr>\n\t                                            <td style=\"border: none; padding: 8px; border-bottom: 2px solid #ffffff;\">09h45<\/td>\n\t                                            <td style=\"border: none; padding: 8px; border-bottom: 2px solid #ffffff;\"><strong>Conferencia:<\/strong><\/td>\n\t                                        <\/tr>\n\t                                    \t                                        <tr>\n\t                                            <td style=\"border: none; padding: 8px; border-bottom: 2px solid #ffffff;\">Tema:<\/td>\n\t                                            <td style=\"border: none; padding: 8px; border-bottom: 2px solid #ffffff;\"><strong>\u201cEucarist\u00eda: Salmo de Fraternidad\"<\/strong><br\/>Pablo Mart\u00ednez<br\/><small>Cantautor argentino<\/small><\/td>\n\t                                        <\/tr>\n\t                                    \t                                        <tr>\n\t                                            <td style=\"border: none; padding: 8px; border-bottom: 2px solid #ffffff;\">10h45<\/td>\n\t                                            <td style=\"border: none; padding: 8px; border-bottom: 2px solid #ffffff;\">Descanso <\/td>\n\t                                        <\/tr>\n\t                                    \t                                        <tr>\n\t                                            <td style=\"border: none; padding: 8px; border-bottom: 2px solid #ffffff;\">11h30<\/td>\n\t                                            <td style=\"border: none; padding: 8px; border-bottom: 2px solid #ffffff;\"><strong>Testimonios:<\/strong><\/td>\n\t                                        <\/tr>\n\t                                    \t                                        <tr>\n\t                                            <td style=\"border: none; padding: 8px; border-bottom: 2px solid #ffffff;\"><\/td>\n\t                                            <td style=\"border: none; padding: 8px; border-bottom: 2px solid #ffffff;\">Mons. Rafael Cob (REPAM)<\/td>\n\t                                        <\/tr>\n\t                                    \t                                        <tr>\n\t                                            <td style=\"border: none; padding: 8px; border-bottom: 2px solid #ffffff;\"><\/td>\n\t                                            <td style=\"border: none; padding: 8px; border-bottom: 2px solid #ffffff;\">Madre Ver\u00f3nica de la Santa Faz<br\/><small>Priora del monasterio del C\u00e1rmen alto<\/small><\/td>\n\t                                        <\/tr>\n\t                                    \t                                        <tr>\n\t                                            <td style=\"border: none; padding: 8px; border-bottom: 2px solid #ffffff;\">12h30<\/td>\n\t                                            <td style=\"border: none; padding: 8px; border-bottom: 2px solid #ffffff;\"><strong>Conferencia:<\/strong><\/td>\n\t                                        <\/tr>\n\t                                    \t                                        <tr>\n\t                                            <td style=\"border: none; padding: 8px; border-bottom: 2px solid #ffffff;\"><\/td>\n\t                                            <td style=\"border: none; padding: 8px; border-bottom: 2px solid #ffffff;\"><strong>\u201cLa Esperanza es Eucarist\u00eda: camino al Jubileo 2025\"<\/strong><br\/>Mons. Graziano Borgonovo<br\/><small>Subsecretario del Dicasterio para la Evangelizaci\u00f3n<\/small><\/td>\n\t                                        <\/tr>\n\t                                    \t                                        <tr>\n\t                                            <td style=\"border: none; padding: 8px; border-bottom: 2px solid #ffffff;\">13h00<\/td>\n\t                                            <td style=\"border: none; padding: 8px; border-bottom: 2px solid #ffffff;\">Almuerzo <\/td>\n\t                                        <\/tr>\n\t                                    \t                                        <tr>\n\t                                            <td style=\"border: none; padding: 8px; border-bottom: 2px solid #ffffff;\">17h00<\/td>\n\t                                            <td style=\"border: none; padding: 8px; border-bottom: 2px solid #ffffff;\"><strong>Concierto Cat\u00f3lico<\/strong><br\/>\"Fraternidad para sanar el mundo\"<\/td>\n\t                                        <\/tr>\n\t                                    \t                                <\/table>\n\t                            \t                        <\/div>\n\t                    <\/div>\n\t                <\/div>\n\t            <\/div>\n\t            \t        \t            <div class=\"item-post-voluntariado item-eventos-simposio-new eventos-congreso-6\" id=\"eventos-congreso-6\">\n\t                <div class=\"dia-fecha-evento-congreso\" style=\"display: inline-block; width: 80px; height: 80px; padding: 12px 4px; font-size: 12px; background: #2e294e; color: #ffffff; border-radius: 5px; margin-right: 10px; vertical-align: top; position: inherit;\">\n\t                    <span class=\"dia-evento-congreso\">14<\/span>\n\t                    <span class=\"fecha-evento-congreso\">SEP 2024<\/span>\n\t                <\/div>\n\t                <div class=\"info-post-voluntariado\" style=\"width: calc(100% - 110px); padding:0px;\">\n\t                    <div class=\"contenido-info-post bordes-redondeados\" style=\"background: #f7f7f8; padding: 20px 30px; border-radius: 5px;\">\n                            <h3 class=\"t-a-l\" style=\"margin: 5px auto;\"><strong>SEXTO D\u00cdA<br\/>Procesi\u00f3n eucar\u00edstica<\/strong><\/h3>\n                            <p class=\"t-a-l\" style=\"font-style:italic; margin: 5px auto 10px;\"><\/p>\n                                <div class=\"imagen-post-voluntariado imagen-post-coro-orquesta bordes-redondeados\" style=\"height:auto; width:100%; margin-bottom:10px;\">\n        <span class=\"imagen-post-voluntariado imagen-evento-simposio bordes-redondeados\" style=\"background:url('https:\/\/www.iec2024.ec\/wp-content\/uploads\/2024\/01\/Corpus-Cristi-800x445-1.jpg') no-repeat center center; width:100%;\">\n    <\/span>\n        <\/div> \n        \t                        <div class=\"contenedor-tabla\">\n\t                            \t                                <table style=\"width: 100%; border-collapse: collapse;\">\n\t                                    \t                                        <tr>\n\t                                            <td style=\"border: none; padding: 8px; border-bottom: 2px solid #ffffff;\">16h30<\/td>\n\t                                            <td style=\"border: none; padding: 8px; border-bottom: 2px solid #ffffff;\">Eucarist\u00eda y Procesi\u00f3n con el Sant\u00edsimo en el Centro Hist\u00f3rico de Quito<\/td>\n\t                                        <\/tr>\n\t                                    \t                                        <tr>\n\t                                            <td style=\"border: none; padding: 8px; border-bottom: 2px solid #ffffff;\">Lugar:<\/td>\n\t                                            <td style=\"border: none; padding: 8px; border-bottom: 2px solid #ffffff;\">Centro Hist\u00f3rico de Quito<\/td>\n\t                                        <\/tr>\n\t                                    \t                                        <tr>\n\t                                            <td style=\"border: none; padding: 8px; border-bottom: 2px solid #ffffff;\">Preside:<\/td>\n\t                                            <td style=\"border: none; padding: 8px; border-bottom: 2px solid #ffffff;\"><span>Mons. Luis Cabrera, OFM \u2013 Arzobispo de Guayaquil y Presidente de la Conferencia Episcopal Ecuatoriana<\/span><\/td>\n\t                                        <\/tr>\n\t                                    \t                                <\/table>\n\t                            \t                        <\/div>\n\t                    <\/div>\n\t                <\/div>\n\t            <\/div>\n\t            \t        \t            <div class=\"item-post-voluntariado item-eventos-simposio-new eventos-congreso-7\" id=\"eventos-congreso-7\">\n\t                <div class=\"dia-fecha-evento-congreso\" style=\"display: inline-block; width: 80px; height: 80px; padding: 12px 4px; font-size: 12px; background: #2e294e; color: #ffffff; border-radius: 5px; margin-right: 10px; vertical-align: top; position: inherit;\">\n\t                    <span class=\"dia-evento-congreso\">15<\/span>\n\t                    <span class=\"fecha-evento-congreso\">SEP 2024<\/span>\n\t                <\/div>\n\t                <div class=\"info-post-voluntariado\" style=\"width: calc(100% - 110px); padding:0px;\">\n\t                    <div class=\"contenido-info-post bordes-redondeados\" style=\"background: #f7f7f8; padding: 20px 30px; border-radius: 5px;\">\n                            <h3 class=\"t-a-l\" style=\"margin: 5px auto;\"><strong>S\u00c9PTIMO D\u00cdA<br\/>Eucarist\u00eda de clausura<br\/>Statio Orbis<\/strong><\/h3>\n                            <p class=\"t-a-l\" style=\"font-style:italic; margin: 5px auto 10px;\"><\/p>\n                                <div class=\"imagen-post-voluntariado imagen-post-coro-orquesta bordes-redondeados\" style=\"height:auto; width:100%; margin-bottom:10px;\">\n        <span class=\"imagen-post-voluntariado imagen-evento-simposio bordes-redondeados\" style=\"background:url('https:\/\/www.iec2024.ec\/wp-content\/uploads\/2024\/01\/papa-visita-quito-dos.jpg') no-repeat center center; width:100%;\">\n    <\/span>\n        <\/div> \n        \t                        <div class=\"contenedor-tabla\">\n\t                            \t                                <table style=\"width: 100%; border-collapse: collapse;\">\n\t                                    \t                                        <tr>\n\t                                            <td style=\"border: none; padding: 8px; border-bottom: 2px solid #ffffff;\">10h00<\/td>\n\t                                            <td style=\"border: none; padding: 8px; border-bottom: 2px solid #ffffff;\">Eucarist\u00eda de Clausura \u2013 Statio Orbis<\/td>\n\t                                        <\/tr>\n\t                                    \t                                        <tr>\n\t                                            <td style=\"border: none; padding: 8px; border-bottom: 2px solid #ffffff;\">Preside:<\/td>\n\t                                            <td style=\"border: none; padding: 8px; border-bottom: 2px solid #ffffff;\"><span>Cardenal Baltazar Porras \u2013 Legado Pontificio<\/span><\/td>\n\t                                        <\/tr>\n\t                                    \t                                <\/table>\n\t                            \t                        <\/div>\n\t                    <\/div>\n\t                <\/div>\n\t            <\/div>\n\t            \t        \t    <\/div>\n\t    <div class=\"pagination show-all-events\" style=\"text-align: center; clear: both;\">\n\t        \t    <\/div>\n\n\t<\/section>\n\n\n\n    [\/vc_column_inner][\/vc_row_inner][\/vc_column][\/vc_row][vc_row el_class=&#8221;width-1200&#8243; css=&#8221;.vc_custom_1690517304951{margin-top: 30px !important;margin-bottom: 30px !important;}&#8221;][vc_column][vc_row_inner content_placement=&#8221;middle&#8221;][vc_column_inner width=&#8221;2\/3&#8243;][vc_column_text]<\/p>\n<h2 style=\"margin: 10px auto 5px;\"><strong>Informaci\u00f3n sobre alojamiento<\/strong><\/h2>\n<p style=\"margin: 5px auto 10px;\">Estos hoteles tienen condiciones especiales para los asistentes al Congreso<\/p>\n<p>[\/vc_column_text][vc_column_text el_class=&#8221;show-mobile&#8221;]<a class=\"bt-borde-naranja\" href=\"\/hoteles-congreso\" target=\"_blank\" rel=\"noopener\">Ver hoteles<\/a>[\/vc_column_text][\/vc_column_inner][vc_column_inner width=&#8221;1\/3&#8243;][vc_column_text el_class=&#8221;show-desktop&#8221;]<\/p>\n<p style=\"text-align: right;\"><a class=\"bt-borde-naranja\" href=\"\/hoteles-congreso\" target=\"_blank\" rel=\"noopener\">Ver hoteles<\/a><\/p>\n<p>[\/vc_column_text][\/vc_column_inner][\/vc_row_inner]<section class=\"section-post-carrusel t-a-c\"><div class=\"width-1200-all\"><div class=\"post-carrusel owl-carousel owl-theme owl-posts-3\" id=\"owl-posts-3\"><div class=\"item-post-carrusel item-post-turismo post-carrusel-1\"><span class=\"bordes-redondeados\"><img decoding=\"async\" src=\"https:\/\/www.iec2024.ec\/wp-content\/uploads\/2024\/02\/hotel-1.jpg\" alt=\"GO QUITO HOTEL\" title=\"GO QUITO HOTEL\" width=\"100%\" height=\"auto\" style=\"display:block;\"><\/span><h5 class=\"t-a-l\" style=\"margin:10px auto 5px;\"><strong>GO QUITO HOTEL<\/strong><\/h5><p style=\"margin:5px auto 10px;\">Habitaciones desde $148 +imp hasta $298 + imp<\/p><\/div><div class=\"item-post-carrusel item-post-turismo post-carrusel-2\"><span class=\"bordes-redondeados\"><img decoding=\"async\" src=\"https:\/\/www.iec2024.ec\/wp-content\/uploads\/2024\/03\/heritage1.jpg\" alt=\"Heritage Inn\" title=\"Heritage Inn\" width=\"100%\" height=\"auto\" style=\"display:block;\"><\/span><h5 class=\"t-a-l\" style=\"margin:10px auto 5px;\"><strong>Heritage Inn<\/strong><\/h5><p style=\"margin:5px auto 10px;\">Tarifa habitaci\u00f3n individual   $25,00, tarifa habitaci\u00f3n  doble $35 ,00, tarifa habitaci\u00f3n  triple $48.50 y tarifa habitaci\u00f3n cu\u00e1druple  $62,00. Los precios incluyen desayuno.<\/p><\/div><div class=\"item-post-carrusel item-post-turismo post-carrusel-3\"><span class=\"bordes-redondeados\"><img decoding=\"async\" src=\"https:\/\/www.iec2024.ec\/wp-content\/uploads\/2024\/01\/holiday1-hotel.jpg\" alt=\"Holiday Inn  Quito Aeropuerto\" title=\"Holiday Inn  Quito Aeropuerto\" width=\"100%\" height=\"auto\" style=\"display:block;\"><\/span><h5 class=\"t-a-l\" style=\"margin:10px auto 5px;\"><strong>Holiday Inn  Quito Aeropuerto<\/strong><\/h5><p style=\"margin:5px auto 10px;\">Habitaciones desde: Desde $95 m\u00e1s impuestos hasta $170 mas impuestos (Tarifas aplicadas para pasajeros que pagan directamente sus reservas).<\/p><\/div><div class=\"item-post-carrusel item-post-turismo post-carrusel-4\"><span class=\"bordes-redondeados\"><img decoding=\"async\" src=\"https:\/\/www.iec2024.ec\/wp-content\/uploads\/2024\/03\/9d1.jpg\" alt=\"9D Hotel\" title=\"9D Hotel\" width=\"100%\" height=\"auto\" style=\"display:block;\"><\/span><h5 class=\"t-a-l\" style=\"margin:10px auto 5px;\"><strong>9D Hotel<\/strong><\/h5><p style=\"margin:5px auto 10px;\">Habitaci\u00f3n simple $61, $60 hasta habitaci\u00f3n triple de $95,20. Incluye desayuno estilo buffet.\r\n<\/p><\/div><\/div><\/div><\/section>[\/vc_column][\/vc_row][vc_row el_class=&#8221;width-1200&#8243; css=&#8221;.vc_custom_1690517304951{margin-top: 30px !important;margin-bottom: 30px !important;}&#8221;][vc_column][vc_row_inner content_placement=&#8221;middle&#8221;][vc_column_inner width=&#8221;2\/3&#8243;][vc_column_text]<\/p>\n<h2 style=\"margin: 10px auto 5px;\"><strong>Conoce los principales atractivos de la ciudad<\/strong><\/h2>\n<p style=\"margin: 5px auto 10px;\">Quito te espera<\/p>\n<p>[\/vc_column_text][vc_column_text el_class=&#8221;show-mobile&#8221;]<a class=\"bt-borde-naranja\" href=\"\/turismo-congreso\" target=\"_blank\" rel=\"noopener\">Ver m\u00e1s<\/a>[\/vc_column_text][\/vc_column_inner][vc_column_inner width=&#8221;1\/3&#8243;][vc_column_text el_class=&#8221;show-desktop&#8221;]<\/p>\n<p style=\"text-align: right;\"><a class=\"bt-borde-naranja\" href=\"\/turismo-congreso\" target=\"_blank\" rel=\"noopener\">Ver m\u00e1s<\/a><\/p>\n<p>[\/vc_column_text][\/vc_column_inner][\/vc_row_inner]<section class=\"section-post-carrusel t-a-c\"><div class=\"width-1200-all\"><div class=\"post-carrusel owl-carousel owl-theme owl-posts-3\" id=\"owl-posts-3\"><div class=\"item-post-carrusel item-post-turismo post-carrusel-1\"><span class=\"bordes-redondeados\"><img decoding=\"async\" src=\"https:\/\/www.iec2024.ec\/wp-content\/uploads\/2024\/01\/ruta2-comer.jpg\" alt=\"Sin Culpa &#8211; Centro Hist\u00f3rico\" title=\"Sin Culpa &#8211; Centro Hist\u00f3rico\" width=\"100%\" height=\"auto\" style=\"display:block;\"><\/span><h5 class=\"t-a-l\" style=\"margin:10px auto;\"><strong>Sin Culpa &#8211; Centro Hist\u00f3rico<\/strong><\/h5><p><a class=\"bt-borde-naranja\" href=\"https:\/\/visitquito.ec\/\">Guarda i detagli<\/a><\/p><\/div><div class=\"item-post-carrusel item-post-turismo post-carrusel-2\"><span class=\"bordes-redondeados\"><img decoding=\"async\" src=\"https:\/\/www.iec2024.ec\/wp-content\/uploads\/2024\/01\/transporte2-turimo.jpg\" alt=\"GIRASOL TOUR\" title=\"GIRASOL TOUR\" width=\"100%\" height=\"auto\" style=\"display:block;\"><\/span><h5 class=\"t-a-l\" style=\"margin:10px auto;\"><strong>GIRASOL TOUR<\/strong><\/h5><p><a class=\"bt-borde-naranja\" href=\"https:\/\/visitquito.ec\/\">Guarda i detagli<\/a><\/p><\/div><div class=\"item-post-carrusel item-post-turismo post-carrusel-3\"><span class=\"bordes-redondeados\"><img decoding=\"async\" src=\"https:\/\/www.iec2024.ec\/wp-content\/uploads\/2024\/01\/hospedarse1-turimo.jpg\" alt=\"Hilton Col\u00f3n Quito\" title=\"Hilton Col\u00f3n Quito\" width=\"100%\" height=\"auto\" style=\"display:block;\"><\/span><h5 class=\"t-a-l\" style=\"margin:10px auto;\"><strong>Hilton Col\u00f3n Quito<\/strong><\/h5><p><a class=\"bt-borde-naranja\" href=\"https:\/\/visitquito.ec\/\">Guarda i detagli<\/a><\/p><\/div><div class=\"item-post-carrusel item-post-turismo post-carrusel-4\"><span class=\"bordes-redondeados\"><img decoding=\"async\" src=\"https:\/\/www.iec2024.ec\/wp-content\/uploads\/2024\/01\/transporte1-turimo.jpg\" alt=\"QUITO TOUR BUS\" title=\"QUITO TOUR BUS\" width=\"100%\" height=\"auto\" style=\"display:block;\"><\/span><h5 class=\"t-a-l\" style=\"margin:10px auto;\"><strong>QUITO TOUR BUS<\/strong><\/h5><p><a class=\"bt-borde-naranja\" href=\"https:\/\/visitquito.ec\/\">Guarda i detagli<\/a><\/p><\/div><\/div><\/div><\/section>[\/vc_column][\/vc_row][vc_row el_class=&#8221;width-1200&#8243; css=&#8221;.vc_custom_1690517312236{margin-top: 30px !important;margin-bottom: 30px !important;}&#8221;][vc_column][vc_column_text]<\/p>\n<h2><strong>Auspiciantes<\/strong><\/h2>\n<p>[\/vc_column_text]<section class=\"section-post-carrusel t-a-c\"><div class=\"width-1200\"><div class=\"post-carrusel owl-carousel owl-theme owl-posts-4\" id=\"owl-posts-4\"><div class=\"item-post-carrusel post-carrusel-1\"><img decoding=\"async\" src=\"https:\/\/www.iec2024.ec\/wp-content\/uploads\/2023\/08\/auspiciantes2-1.jpg\" alt=\"Salesianos Don Bosco\" title=\"Salesianos Don Bosco\" width=\"100%\" height=\"auto\" style=\"display:block;\"><\/div><div class=\"item-post-carrusel post-carrusel-2\"><img decoding=\"async\" src=\"https:\/\/www.iec2024.ec\/wp-content\/uploads\/2023\/08\/auspiciantes1-1.jpg\" alt=\"Banco Guayaquil\" title=\"Banco Guayaquil\" width=\"100%\" height=\"auto\" style=\"display:block;\"><\/div><div class=\"item-post-carrusel post-carrusel-3\"><img decoding=\"async\" src=\"https:\/\/www.iec2024.ec\/wp-content\/uploads\/2023\/08\/auspiciantes3-1.jpg\" alt=\"Universidad Polit\u00e9cnica Salesiana\" title=\"Universidad Polit\u00e9cnica Salesiana\" width=\"100%\" height=\"auto\" style=\"display:block;\"><\/div><div class=\"item-post-carrusel post-carrusel-4\"><img decoding=\"async\" src=\"https:\/\/www.iec2024.ec\/wp-content\/uploads\/2024\/01\/auspiciantes4-1.jpg\" alt=\"Roland\" title=\"Roland\" width=\"100%\" height=\"auto\" style=\"display:block;\"><\/div><\/div><\/div><\/section>[\/vc_column][\/vc_row]<\/p>\n","protected":false},"excerpt":{"rendered":"<p>[vc_row][vc_column][vc_row_inner][vc_column_inner][vc_column_text] Topic to be discussed during the Congress days Wounded World September 9 Fraternity Redeemed in Christ September 10 Eucharist and Transfiguration of the World September 11 For a Synodal Church September 12 Eucharist: Psalm of Fraternity September 13 [\/vc_column_text][\/vc_column_inner][\/vc_row_inner][\/vc_column][\/vc_row][vc_row el_class=&#8221;width-1200&#8243; css=&#8221;.vc_custom_1690517279419{margin-top: 30px !important;margin-bottom: 30px !important;}&#8221;][vc_column width=&#8221;1\/2&#8243;][vc_row_inner css=&#8221;.vc_custom_1705672205107{margin-bottom: 0px !important;padding-right: 10px !important;padding-left: 10px !important;background-color: #f2f2f2 [&hellip;]<\/p>\n","protected":false},"author":1,"featured_media":0,"parent":0,"menu_order":0,"comment_status":"closed","ping_status":"closed","template":"page-visual-composer.php","meta":{"footnotes":""},"acf":[],"yoast_head":"<!-- This site is optimized with the Yoast SEO plugin v21.1 - https:\/\/yoast.com\/wordpress\/plugins\/seo\/ -->\n<title>Congresso Eucaristico - IEC 2024<\/title>\n<meta name=\"robots\" content=\"index, follow, max-snippet:-1, max-image-preview:large, max-video-preview:-1\" \/>\n<link rel=\"canonical\" href=\"https:\/\/www.iec2024.ec\/it\/congreso-eucaristico\/\" \/>\n<meta property=\"og:locale\" content=\"it_IT\" \/>\n<meta property=\"og:type\" content=\"article\" \/>\n<meta property=\"og:title\" content=\"Congresso Eucaristico - IEC 2024\" \/>\n<meta property=\"og:description\" content=\"[vc_row][vc_column][vc_row_inner][vc_column_inner][vc_column_text] Topic to be discussed during the Congress days Wounded World September 9 Fraternity Redeemed in Christ September 10 Eucharist and Transfiguration of the World September 11 For a Synodal Church September 12 Eucharist: Psalm of Fraternity September 13 [\/vc_column_text][\/vc_column_inner][\/vc_row_inner][\/vc_column][\/vc_row][vc_row el_class=&#8221;width-1200&#8243; css=&#8221;.vc_custom_1690517279419{margin-top: 30px !important;margin-bottom: 30px !important;}&#8221;][vc_column width=&#8221;1\/2&#8243;][vc_row_inner css=&#8221;.vc_custom_1705672205107{margin-bottom: 0px !important;padding-right: 10px !important;padding-left: 10px !important;background-color: #f2f2f2 [&hellip;]\" \/>\n<meta property=\"og:url\" content=\"https:\/\/www.iec2024.ec\/it\/congreso-eucaristico\/\" \/>\n<meta property=\"og:site_name\" content=\"IEC 2024\" \/>\n<meta property=\"article:modified_time\" content=\"2024-08-08T20:07:58+00:00\" \/>\n<meta property=\"og:image\" content=\"https:\/\/www.iec2024.ec\/wp-content\/uploads\/2024\/02\/iec2024-icon-mundo_herido.png\" \/>\n<meta name=\"twitter:card\" content=\"summary_large_image\" \/>\n<meta name=\"twitter:label1\" content=\"Tempo di lettura stimato\" \/>\n\t<meta name=\"twitter:data1\" content=\"6 minuti\" \/>\n<script type=\"application\/ld+json\" class=\"yoast-schema-graph\">{\"@context\":\"https:\/\/schema.org\",\"@graph\":[{\"@type\":\"WebPage\",\"@id\":\"https:\/\/www.iec2024.ec\/it\/congreso-eucaristico\/\",\"url\":\"https:\/\/www.iec2024.ec\/it\/congreso-eucaristico\/\",\"name\":\"Congresso Eucaristico - IEC 2024\",\"isPartOf\":{\"@id\":\"https:\/\/www.iec2024.ec\/it\/#website\"},\"datePublished\":\"2024-01-18T22:42:35+00:00\",\"dateModified\":\"2024-08-08T20:07:58+00:00\",\"breadcrumb\":{\"@id\":\"https:\/\/www.iec2024.ec\/it\/congreso-eucaristico\/#breadcrumb\"},\"inLanguage\":\"it-IT\",\"potentialAction\":[{\"@type\":\"ReadAction\",\"target\":[\"https:\/\/www.iec2024.ec\/it\/congreso-eucaristico\/\"]}]},{\"@type\":\"BreadcrumbList\",\"@id\":\"https:\/\/www.iec2024.ec\/it\/congreso-eucaristico\/#breadcrumb\",\"itemListElement\":[{\"@type\":\"ListItem\",\"position\":1,\"name\":\"Portada\",\"item\":\"https:\/\/www.iec2024.ec\/it\/\"},{\"@type\":\"ListItem\",\"position\":2,\"name\":\"Congresso Eucaristico\"}]},{\"@type\":\"WebSite\",\"@id\":\"https:\/\/www.iec2024.ec\/it\/#website\",\"url\":\"https:\/\/www.iec2024.ec\/it\/\",\"name\":\"IEC 2024\",\"description\":\"\",\"publisher\":{\"@id\":\"https:\/\/www.iec2024.ec\/it\/#organization\"},\"potentialAction\":[{\"@type\":\"SearchAction\",\"target\":{\"@type\":\"EntryPoint\",\"urlTemplate\":\"https:\/\/www.iec2024.ec\/it\/?s={search_term_string}\"},\"query-input\":\"required name=search_term_string\"}],\"inLanguage\":\"it-IT\"},{\"@type\":\"Organization\",\"@id\":\"https:\/\/www.iec2024.ec\/it\/#organization\",\"name\":\"IEC 2024\",\"url\":\"https:\/\/www.iec2024.ec\/it\/\",\"logo\":{\"@type\":\"ImageObject\",\"inLanguage\":\"it-IT\",\"@id\":\"https:\/\/www.iec2024.ec\/it\/#\/schema\/logo\/image\/\",\"url\":\"https:\/\/www.iec2024.ec\/wp-content\/uploads\/2024\/01\/cropped-logo-2024.png\",\"contentUrl\":\"https:\/\/www.iec2024.ec\/wp-content\/uploads\/2024\/01\/cropped-logo-2024.png\",\"width\":1277,\"height\":332,\"caption\":\"IEC 2024\"},\"image\":{\"@id\":\"https:\/\/www.iec2024.ec\/it\/#\/schema\/logo\/image\/\"}}]}<\/script>\n<!-- \/ Yoast SEO plugin. -->","yoast_head_json":{"title":"Congresso Eucaristico - IEC 2024","robots":{"index":"index","follow":"follow","max-snippet":"max-snippet:-1","max-image-preview":"max-image-preview:large","max-video-preview":"max-video-preview:-1"},"canonical":"https:\/\/www.iec2024.ec\/it\/congreso-eucaristico\/","og_locale":"it_IT","og_type":"article","og_title":"Congresso Eucaristico - IEC 2024","og_description":"[vc_row][vc_column][vc_row_inner][vc_column_inner][vc_column_text] Topic to be discussed during the Congress days Wounded World September 9 Fraternity Redeemed in Christ September 10 Eucharist and Transfiguration of the World September 11 For a Synodal Church September 12 Eucharist: Psalm of Fraternity September 13 [\/vc_column_text][\/vc_column_inner][\/vc_row_inner][\/vc_column][\/vc_row][vc_row el_class=&#8221;width-1200&#8243; css=&#8221;.vc_custom_1690517279419{margin-top: 30px !important;margin-bottom: 30px !important;}&#8221;][vc_column width=&#8221;1\/2&#8243;][vc_row_inner css=&#8221;.vc_custom_1705672205107{margin-bottom: 0px !important;padding-right: 10px !important;padding-left: 10px !important;background-color: #f2f2f2 [&hellip;]","og_url":"https:\/\/www.iec2024.ec\/it\/congreso-eucaristico\/","og_site_name":"IEC 2024","article_modified_time":"2024-08-08T20:07:58+00:00","og_image":[{"url":"https:\/\/www.iec2024.ec\/wp-content\/uploads\/2024\/02\/iec2024-icon-mundo_herido.png"}],"twitter_card":"summary_large_image","twitter_misc":{"Tempo di lettura stimato":"6 minuti"},"schema":{"@context":"https:\/\/schema.org","@graph":[{"@type":"WebPage","@id":"https:\/\/www.iec2024.ec\/it\/congreso-eucaristico\/","url":"https:\/\/www.iec2024.ec\/it\/congreso-eucaristico\/","name":"Congresso Eucaristico - IEC 2024","isPartOf":{"@id":"https:\/\/www.iec2024.ec\/it\/#website"},"datePublished":"2024-01-18T22:42:35+00:00","dateModified":"2024-08-08T20:07:58+00:00","breadcrumb":{"@id":"https:\/\/www.iec2024.ec\/it\/congreso-eucaristico\/#breadcrumb"},"inLanguage":"it-IT","potentialAction":[{"@type":"ReadAction","target":["https:\/\/www.iec2024.ec\/it\/congreso-eucaristico\/"]}]},{"@type":"BreadcrumbList","@id":"https:\/\/www.iec2024.ec\/it\/congreso-eucaristico\/#breadcrumb","itemListElement":[{"@type":"ListItem","position":1,"name":"Portada","item":"https:\/\/www.iec2024.ec\/it\/"},{"@type":"ListItem","position":2,"name":"Congresso Eucaristico"}]},{"@type":"WebSite","@id":"https:\/\/www.iec2024.ec\/it\/#website","url":"https:\/\/www.iec2024.ec\/it\/","name":"IEC 2024","description":"","publisher":{"@id":"https:\/\/www.iec2024.ec\/it\/#organization"},"potentialAction":[{"@type":"SearchAction","target":{"@type":"EntryPoint","urlTemplate":"https:\/\/www.iec2024.ec\/it\/?s={search_term_string}"},"query-input":"required name=search_term_string"}],"inLanguage":"it-IT"},{"@type":"Organization","@id":"https:\/\/www.iec2024.ec\/it\/#organization","name":"IEC 2024","url":"https:\/\/www.iec2024.ec\/it\/","logo":{"@type":"ImageObject","inLanguage":"it-IT","@id":"https:\/\/www.iec2024.ec\/it\/#\/schema\/logo\/image\/","url":"https:\/\/www.iec2024.ec\/wp-content\/uploads\/2024\/01\/cropped-logo-2024.png","contentUrl":"https:\/\/www.iec2024.ec\/wp-content\/uploads\/2024\/01\/cropped-logo-2024.png","width":1277,"height":332,"caption":"IEC 2024"},"image":{"@id":"https:\/\/www.iec2024.ec\/it\/#\/schema\/logo\/image\/"}}]}},"_links":{"self":[{"href":"https:\/\/www.iec2024.ec\/it\/wp-json\/wp\/v2\/pages\/10977"}],"collection":[{"href":"https:\/\/www.iec2024.ec\/it\/wp-json\/wp\/v2\/pages"}],"about":[{"href":"https:\/\/www.iec2024.ec\/it\/wp-json\/wp\/v2\/types\/page"}],"author":[{"embeddable":true,"href":"https:\/\/www.iec2024.ec\/it\/wp-json\/wp\/v2\/users\/1"}],"replies":[{"embeddable":true,"href":"https:\/\/www.iec2024.ec\/it\/wp-json\/wp\/v2\/comments?post=10977"}],"version-history":[{"count":7,"href":"https:\/\/www.iec2024.ec\/it\/wp-json\/wp\/v2\/pages\/10977\/revisions"}],"predecessor-version":[{"id":19975,"href":"https:\/\/www.iec2024.ec\/it\/wp-json\/wp\/v2\/pages\/10977\/revisions\/19975"}],"wp:attachment":[{"href":"https:\/\/www.iec2024.ec\/it\/wp-json\/wp\/v2\/media?parent=10977"}],"curies":[{"name":"wp","href":"https:\/\/api.w.org\/{rel}","templated":true}]}}