{"id":5430,"date":"2023-08-22T18:01:11","date_gmt":"2023-08-22T23:01:11","guid":{"rendered":"https:\/\/www.iec2024.ec\/vida-cristiana\/la-genuflexion\/"},"modified":"2023-10-10T18:09:05","modified_gmt":"2023-10-10T23:09:05","slug":"la-genuflexion","status":"publish","type":"vida-cristiana","link":"https:\/\/www.iec2024.ec\/it\/vida-cristiana\/la-genuflexion\/","title":{"rendered":"La Genuflessione"},"content":{"rendered":"<p><strong>La genuflessione \u00e8 un atto di umilt\u00e0 che esprime la nostra fede in un&#8217;autorit\u00e0 pi\u00f9 grande di noi stessi. Questo gesto dimostra rispetto e adesione a nostro Signore Ges\u00f9 Cristo.<\/strong><\/p>\n<p>Quando entriamo in un tempio e vediamo la lampada del Tabernacolo accesa, significa che il Signore \u00e8 presente. Quindi l&#8217;usanza ci dice di mettere il ginocchio a terra e dirgli qualcosa di affettuoso.<\/p>\n<p>\u00c8 quel simbolo che accompagna la nostra fede durante molti secoli ed \u00e8 manifestazione di affetto, uguale come nella realt\u00e0 o come espressione dell&#8217;amore umano. Sia per rispetto o per amore, anche in segno di ammirazione mettono il ginocchio a terra.<\/p>\n<p><strong><em>\u201cFammi aderire sempre alla tua volont\u00e0 e non permettere che mi separi da te\u201d (San Josemar\u00eda).<\/em><\/strong><\/p>\n<p><em>Nel momento in cui io facevo una genuflessione in chiesa\u2026\u201dSe pensassi che sono qui, mi saluteresti meglio\u201d Io e lui di Gabriela Bossis \u2013 Il sentimento del cuore N\u00b021 Eucaristia, 721\/<\/em><\/p>\n","protected":false},"excerpt":{"rendered":"<p>La genuflessione \u00e8 un atto di umilt\u00e0 che esprime la nostra fede in un&#8217;autorit\u00e0 pi\u00f9 grande di noi stessi. Questo gesto dimostra rispetto e adesione a nostro Signore Ges\u00f9 Cristo.<\/p>\n","protected":false},"author":4,"featured_media":4754,"parent":0,"template":"","format":"standard","acf":[],"yoast_head":"<!-- This site is optimized with the Yoast SEO plugin v21.1 - https:\/\/yoast.com\/wordpress\/plugins\/seo\/ -->\n<title>La Genuflessione - IEC 2024<\/title>\n<meta name=\"robots\" content=\"index, follow, max-snippet:-1, max-image-preview:large, max-video-preview:-1\" \/>\n<link rel=\"canonical\" href=\"https:\/\/www.iec2024.ec\/it\/vida-cristiana\/la-genuflexion\/\" \/>\n<meta property=\"og:locale\" content=\"it_IT\" \/>\n<meta property=\"og:type\" content=\"article\" \/>\n<meta property=\"og:title\" content=\"La Genuflessione - IEC 2024\" \/>\n<meta property=\"og:description\" content=\"La genuflessione \u00e8 un atto di umilt\u00e0 che esprime la nostra fede in un&#039;autorit\u00e0 pi\u00f9 grande di noi stessi. Questo gesto dimostra rispetto e adesione a nostro Signore Ges\u00f9 Cristo.\" \/>\n<meta property=\"og:url\" content=\"https:\/\/www.iec2024.ec\/it\/vida-cristiana\/la-genuflexion\/\" \/>\n<meta property=\"og:site_name\" content=\"IEC 2024\" \/>\n<meta property=\"article:modified_time\" content=\"2023-10-10T23:09:05+00:00\" \/>\n<meta property=\"og:image\" content=\"https:\/\/www.iec2024.ec\/wp-content\/uploads\/2023\/08\/WhatsApp-Image-2023-08-22-at-20.24.15-1.jpeg\" \/>\n\t<meta property=\"og:image:width\" content=\"1296\" \/>\n\t<meta property=\"og:image:height\" content=\"864\" \/>\n\t<meta property=\"og:image:type\" content=\"image\/jpeg\" \/>\n<meta name=\"twitter:card\" content=\"summary_large_image\" \/>\n<meta name=\"twitter:label1\" content=\"Tempo di lettura stimato\" \/>\n\t<meta name=\"twitter:data1\" content=\"1 minuto\" \/>\n<script type=\"application\/ld+json\" class=\"yoast-schema-graph\">{\"@context\":\"https:\/\/schema.org\",\"@graph\":[{\"@type\":\"WebPage\",\"@id\":\"https:\/\/www.iec2024.ec\/it\/vida-cristiana\/la-genuflexion\/\",\"url\":\"https:\/\/www.iec2024.ec\/it\/vida-cristiana\/la-genuflexion\/\",\"name\":\"La Genuflessione - IEC 2024\",\"isPartOf\":{\"@id\":\"https:\/\/www.iec2024.ec\/it\/#website\"},\"datePublished\":\"2023-08-22T23:01:11+00:00\",\"dateModified\":\"2023-10-10T23:09:05+00:00\",\"breadcrumb\":{\"@id\":\"https:\/\/www.iec2024.ec\/it\/vida-cristiana\/la-genuflexion\/#breadcrumb\"},\"inLanguage\":\"it-IT\",\"potentialAction\":[{\"@type\":\"ReadAction\",\"target\":[\"https:\/\/www.iec2024.ec\/it\/vida-cristiana\/la-genuflexion\/\"]}]},{\"@type\":\"BreadcrumbList\",\"@id\":\"https:\/\/www.iec2024.ec\/it\/vida-cristiana\/la-genuflexion\/#breadcrumb\",\"itemListElement\":[{\"@type\":\"ListItem\",\"position\":1,\"name\":\"Portada\",\"item\":\"https:\/\/www.iec2024.ec\/it\/\"},{\"@type\":\"ListItem\",\"position\":2,\"name\":\"La Genuflessione\"}]},{\"@type\":\"WebSite\",\"@id\":\"https:\/\/www.iec2024.ec\/it\/#website\",\"url\":\"https:\/\/www.iec2024.ec\/it\/\",\"name\":\"IEC 2024\",\"description\":\"\",\"publisher\":{\"@id\":\"https:\/\/www.iec2024.ec\/it\/#organization\"},\"potentialAction\":[{\"@type\":\"SearchAction\",\"target\":{\"@type\":\"EntryPoint\",\"urlTemplate\":\"https:\/\/www.iec2024.ec\/it\/?s={search_term_string}\"},\"query-input\":\"required name=search_term_string\"}],\"inLanguage\":\"it-IT\"},{\"@type\":\"Organization\",\"@id\":\"https:\/\/www.iec2024.ec\/it\/#organization\",\"name\":\"IEC 2024\",\"url\":\"https:\/\/www.iec2024.ec\/it\/\",\"logo\":{\"@type\":\"ImageObject\",\"inLanguage\":\"it-IT\",\"@id\":\"https:\/\/www.iec2024.ec\/it\/#\/schema\/logo\/image\/\",\"url\":\"https:\/\/www.iec2024.ec\/wp-content\/uploads\/2024\/01\/cropped-logo-2024.png\",\"contentUrl\":\"https:\/\/www.iec2024.ec\/wp-content\/uploads\/2024\/01\/cropped-logo-2024.png\",\"width\":1277,\"height\":332,\"caption\":\"IEC 2024\"},\"image\":{\"@id\":\"https:\/\/www.iec2024.ec\/it\/#\/schema\/logo\/image\/\"}}]}<\/script>\n<!-- \/ Yoast SEO plugin. -->","yoast_head_json":{"title":"La Genuflessione - IEC 2024","robots":{"index":"index","follow":"follow","max-snippet":"max-snippet:-1","max-image-preview":"max-image-preview:large","max-video-preview":"max-video-preview:-1"},"canonical":"https:\/\/www.iec2024.ec\/it\/vida-cristiana\/la-genuflexion\/","og_locale":"it_IT","og_type":"article","og_title":"La Genuflessione - IEC 2024","og_description":"La genuflessione \u00e8 un atto di umilt\u00e0 che esprime la nostra fede in un'autorit\u00e0 pi\u00f9 grande di noi stessi. Questo gesto dimostra rispetto e adesione a nostro Signore Ges\u00f9 Cristo.","og_url":"https:\/\/www.iec2024.ec\/it\/vida-cristiana\/la-genuflexion\/","og_site_name":"IEC 2024","article_modified_time":"2023-10-10T23:09:05+00:00","og_image":[{"width":1296,"height":864,"url":"https:\/\/www.iec2024.ec\/wp-content\/uploads\/2023\/08\/WhatsApp-Image-2023-08-22-at-20.24.15-1.jpeg","type":"image\/jpeg"}],"twitter_card":"summary_large_image","twitter_misc":{"Tempo di lettura stimato":"1 minuto"},"schema":{"@context":"https:\/\/schema.org","@graph":[{"@type":"WebPage","@id":"https:\/\/www.iec2024.ec\/it\/vida-cristiana\/la-genuflexion\/","url":"https:\/\/www.iec2024.ec\/it\/vida-cristiana\/la-genuflexion\/","name":"La Genuflessione - IEC 2024","isPartOf":{"@id":"https:\/\/www.iec2024.ec\/it\/#website"},"datePublished":"2023-08-22T23:01:11+00:00","dateModified":"2023-10-10T23:09:05+00:00","breadcrumb":{"@id":"https:\/\/www.iec2024.ec\/it\/vida-cristiana\/la-genuflexion\/#breadcrumb"},"inLanguage":"it-IT","potentialAction":[{"@type":"ReadAction","target":["https:\/\/www.iec2024.ec\/it\/vida-cristiana\/la-genuflexion\/"]}]},{"@type":"BreadcrumbList","@id":"https:\/\/www.iec2024.ec\/it\/vida-cristiana\/la-genuflexion\/#breadcrumb","itemListElement":[{"@type":"ListItem","position":1,"name":"Portada","item":"https:\/\/www.iec2024.ec\/it\/"},{"@type":"ListItem","position":2,"name":"La Genuflessione"}]},{"@type":"WebSite","@id":"https:\/\/www.iec2024.ec\/it\/#website","url":"https:\/\/www.iec2024.ec\/it\/","name":"IEC 2024","description":"","publisher":{"@id":"https:\/\/www.iec2024.ec\/it\/#organization"},"potentialAction":[{"@type":"SearchAction","target":{"@type":"EntryPoint","urlTemplate":"https:\/\/www.iec2024.ec\/it\/?s={search_term_string}"},"query-input":"required name=search_term_string"}],"inLanguage":"it-IT"},{"@type":"Organization","@id":"https:\/\/www.iec2024.ec\/it\/#organization","name":"IEC 2024","url":"https:\/\/www.iec2024.ec\/it\/","logo":{"@type":"ImageObject","inLanguage":"it-IT","@id":"https:\/\/www.iec2024.ec\/it\/#\/schema\/logo\/image\/","url":"https:\/\/www.iec2024.ec\/wp-content\/uploads\/2024\/01\/cropped-logo-2024.png","contentUrl":"https:\/\/www.iec2024.ec\/wp-content\/uploads\/2024\/01\/cropped-logo-2024.png","width":1277,"height":332,"caption":"IEC 2024"},"image":{"@id":"https:\/\/www.iec2024.ec\/it\/#\/schema\/logo\/image\/"}}]}},"_links":{"self":[{"href":"https:\/\/www.iec2024.ec\/it\/wp-json\/wp\/v2\/vida-cristiana\/5430"}],"collection":[{"href":"https:\/\/www.iec2024.ec\/it\/wp-json\/wp\/v2\/vida-cristiana"}],"about":[{"href":"https:\/\/www.iec2024.ec\/it\/wp-json\/wp\/v2\/types\/vida-cristiana"}],"author":[{"embeddable":true,"href":"https:\/\/www.iec2024.ec\/it\/wp-json\/wp\/v2\/users\/4"}],"version-history":[{"count":2,"href":"https:\/\/www.iec2024.ec\/it\/wp-json\/wp\/v2\/vida-cristiana\/5430\/revisions"}],"predecessor-version":[{"id":7263,"href":"https:\/\/www.iec2024.ec\/it\/wp-json\/wp\/v2\/vida-cristiana\/5430\/revisions\/7263"}],"wp:featuredmedia":[{"embeddable":true,"href":"https:\/\/www.iec2024.ec\/it\/wp-json\/wp\/v2\/media\/4754"}],"wp:attachment":[{"href":"https:\/\/www.iec2024.ec\/it\/wp-json\/wp\/v2\/media?parent=5430"}],"curies":[{"name":"wp","href":"https:\/\/api.w.org\/{rel}","templated":true}]}}